{"id":904,"date":"2024-10-16T16:59:01","date_gmt":"2024-10-16T14:59:01","guid":{"rendered":"https:\/\/elles129186.webdb78.lwspanel.com\/?page_id=904"},"modified":"2024-12-20T11:21:59","modified_gmt":"2024-12-20T10:21:59","slug":"elections-departementales-et-regionales-de-2021","status":"publish","type":"page","link":"https:\/\/www.ellesaussi.org\/?page_id=904","title":{"rendered":"Elections d\u00e9partementales et r\u00e9gionales de 2021"},"content":{"rendered":"\t\t<div data-elementor-type=\"wp-page\" data-elementor-id=\"904\" class=\"elementor elementor-904\" data-elementor-post-type=\"page\">\n\t\t\t\t<div class=\"elementor-element elementor-element-6de1c75a e-flex e-con-boxed e-con e-parent\" data-id=\"6de1c75a\" data-element_type=\"container\">\n\t\t\t\t\t<div class=\"e-con-inner\">\n\t\t\t\t<div class=\"elementor-element elementor-element-2955fc9e elementor-widget elementor-widget-elementskit-blog-posts\" data-id=\"2955fc9e\" data-element_type=\"widget\" data-widget_type=\"elementskit-blog-posts.default\">\n\t\t\t\t<div class=\"elementor-widget-container\">\n\t\t\t<div class=\"ekit-wid-con\" >        <div id=\"post-items--2955fc9e\" class=\"row post-items\" data-masonry-config=\"true\">\n                    <div class=\"col-lg-4 col-md-6\">\n\n                                    <div class=\"elementskit-post-image-card\">\n                        <div class=\"elementskit-entry-header\">\n                                                            <a href=\"https:\/\/www.ellesaussi.org\/?p=881\" class=\"elementskit-entry-thumb\">\n                                    <img decoding=\"async\" src=\"https:\/\/www.ellesaussi.org\/wp-content\/uploads\/2024\/10\/appel-du-18-juin-2024-Elles-aussi.jpg\" alt=\"Synth\u00e8se de l\u2019enqu\u00eate sur les conseill\u00e8res et conseillers d\u00e9partementauxr\u00e9alis\u00e9e par L\u00e9onie Fontaine de mai \u00e0 juillet 2021\">\n                                <\/a><!-- .elementskit-entry-thumb END -->\n                                                                                                    <div class=\"elementskit-meta-lists elementskit-style-tag\">\n                                        <div class=\"elementskit-single-meta triangle_left\"><span class=\"elementskit-meta-wraper\"><strong>03<\/strong>D\u00e9c<\/span><\/div>\n                                    <\/div>\n                                                                                            \n                            \n\t\t\t\t\t\t\t\t\t\t\t\t\t<\/div><!-- .elementskit-entry-header END -->\n\n\t\t\t\t\t\t<div class=\"elementskit-post-body \">\n\t\t\t\t\t\t\t\n\t\t\t\t\t\t\t\t\t\t\t\t\t\t\t\t\t\t\t\t\t\t\t\t\t\t\t\t<div class=\"post-meta-list\">\n\t\t\t\t\t\t\t\t\t\t\t\t\t\t\t\t\t\t\t\t\t\t\t\t\t\t\t\t\t\t\t\t<span class=\"meta-date\">\n\n\t\t\t\t\t\t\t\t\t\t<i aria-hidden=\"true\" class=\"icon icon-calendar3\"><\/i>\n\t\t\t\t\t\t\t\t\t\t<span class=\"meta-date-text\">\n\t\t\t\t\t\t\t\t\t\t\t3 d\u00e9cembre 2021\t\t\t\t\t\t\t\t\t\t<\/span>\n\t\t\t\t\t\t\t\t\t<\/span>\n\t\t\t\t\t\t\t\t\t\t\t\t\t\t\t\t\t\t\t\t\t\t\t\t\t\t\t\t\t\t\t\t\t\t\t\t\t<\/div>\n\t\t\t\t\t\t\t\t\t\t\t\t\t\n\t\t\t\t\t\t\t\t\n\t\t\t\t\t\t\t\t\t\t\t\t\t\t\t\t\t\t\t\t\t<h2 class=\"entry-title\">\n\t\t\t\t\t<a href=\"https:\/\/www.ellesaussi.org\/?p=881\">\n\t\t\t\t\t\tSynth\u00e8se de l\u2019enqu\u00eate sur les conseill\u00e8res et conseillers d\u00e9partementauxr\u00e9alis\u00e9e par L\u00e9onie Fontaine de mai \u00e0 juillet 2021\t\t\t\t\t<\/a>\n\t\t\t\t<\/h2>\n\t\t\t\t\t\t\t\t\t\t\t\t\t\t\t\t\t\t\t\t\t\t\t\t\t\t\t\t\t\t\t\t\t\t\t\t\t\t\t\t\t\t<p>Apport des bin\u00f4mes d\u00e9partementaux dans la gouvernance locale,\u00a0 durant la mandature 2015-2021 Avant les \u00e9lections d\u00e9partementales de 2021 nous avons voulu nous faire une id\u00e9e sur les changements intervenus dans les conseils d\u00e9partementaux\u2026<\/p>\n\t\t\t\t\t\t\t\t\t\t\t\t\t\t\t\t\t\t\t\t\t\t                                                            <div class=\"btn-wraper\">\n                                    \n                                                                            <a class=\"elementskit-btn whitespace--normal\" id=\"\" href=\"https:\/\/www.ellesaussi.org\/?p=881\">\n                                        \t                                            en savoir plus                                        <\/a>\n                                                                    <\/div>\n                                                    <\/div><!-- .elementskit-post-body END -->\n                    <\/div>\n                \n            <\/div>\n                    <div class=\"col-lg-4 col-md-6\">\n\n                                    <div class=\"elementskit-post-image-card\">\n                        <div class=\"elementskit-entry-header\">\n                                                            <a href=\"https:\/\/www.ellesaussi.org\/?p=887\" class=\"elementskit-entry-thumb\">\n                                    <img decoding=\"async\" src=\"https:\/\/www.ellesaussi.org\/wp-content\/uploads\/2024\/10\/Odette_duriez.jpg\" alt=\"Odette Duriez 2\u00e8me vice-pr\u00e9sidente du conseil d\u00e9partemental du Pas-de-Calais : Rien n\u2019est encore gagn\u00e9 mais \u00e7a \u00e9volue.\">\n                                <\/a><!-- .elementskit-entry-thumb END -->\n                                                                                                    <div class=\"elementskit-meta-lists elementskit-style-tag\">\n                                        <div class=\"elementskit-single-meta triangle_left\"><span class=\"elementskit-meta-wraper\"><strong>20<\/strong>Juin<\/span><\/div>\n                                    <\/div>\n                                                                                            \n                            \n\t\t\t\t\t\t\t\t\t\t\t\t\t<\/div><!-- .elementskit-entry-header END -->\n\n\t\t\t\t\t\t<div class=\"elementskit-post-body \">\n\t\t\t\t\t\t\t\n\t\t\t\t\t\t\t\t\t\t\t\t\t\t\t\t\t\t\t\t\t\t\t\t\t\t\t\t<div class=\"post-meta-list\">\n\t\t\t\t\t\t\t\t\t\t\t\t\t\t\t\t\t\t\t\t\t\t\t\t\t\t\t\t\t\t\t\t<span class=\"meta-date\">\n\n\t\t\t\t\t\t\t\t\t\t<i aria-hidden=\"true\" class=\"icon icon-calendar3\"><\/i>\n\t\t\t\t\t\t\t\t\t\t<span class=\"meta-date-text\">\n\t\t\t\t\t\t\t\t\t\t\t20 juin 2021\t\t\t\t\t\t\t\t\t\t<\/span>\n\t\t\t\t\t\t\t\t\t<\/span>\n\t\t\t\t\t\t\t\t\t\t\t\t\t\t\t\t\t\t\t\t\t\t\t\t\t\t\t\t\t\t\t\t\t\t\t\t\t<\/div>\n\t\t\t\t\t\t\t\t\t\t\t\t\t\n\t\t\t\t\t\t\t\t\n\t\t\t\t\t\t\t\t\t\t\t\t\t\t\t\t\t\t\t\t\t<h2 class=\"entry-title\">\n\t\t\t\t\t<a href=\"https:\/\/www.ellesaussi.org\/?p=887\">\n\t\t\t\t\t\tOdette Duriez 2\u00e8me vice-pr\u00e9sidente du conseil d\u00e9partemental du Pas-de-Calais : Rien n\u2019est encore gagn\u00e9 mais \u00e7a \u00e9volue.\t\t\t\t\t<\/a>\n\t\t\t\t<\/h2>\n\t\t\t\t\t\t\t\t\t\t\t\t\t\t\t\t\t\t\t\t\t\t\t\t\t\t\t\t\t\t\t\t\t\t\t\t\t\t\t\t\t\t<p>Les 20 et 27 juin prochain, auront lieu les \u00e9lections d\u00e9partementales et r\u00e9gionales, des scrutins chers \u00e0 Elles aussi car le conseil d\u00e9partemental est compos\u00e9 maintenant de bin\u00f4mes paritaires et au conseil r\u00e9gional\u2026<\/p>\n\t\t\t\t\t\t\t\t\t\t\t\t\t\t\t\t\t\t\t\t\t\t                                                            <div class=\"btn-wraper\">\n                                    \n                                                                            <a class=\"elementskit-btn whitespace--normal\" id=\"\" href=\"https:\/\/www.ellesaussi.org\/?p=887\">\n                                        \t                                            en savoir plus                                        <\/a>\n                                                                    <\/div>\n                                                    <\/div><!-- .elementskit-post-body END -->\n                    <\/div>\n                \n            <\/div>\n                    <div class=\"col-lg-4 col-md-6\">\n\n                                    <div class=\"elementskit-post-image-card\">\n                        <div class=\"elementskit-entry-header\">\n                                                            <a href=\"https:\/\/www.ellesaussi.org\/?p=898\" class=\"elementskit-entry-thumb\">\n                                    <img decoding=\"async\" src=\"https:\/\/www.ellesaussi.org\/wp-content\/uploads\/2024\/10\/2024-10-16-165544.jpg\" alt=\"Parit\u00e9 hommes femmes, la r\u00e9partition du pouvoir est-elle \u00e9galitaire dans les conseils g\u00e9n\u00e9raux ?\">\n                                <\/a><!-- .elementskit-entry-thumb END -->\n                                                                                                    <div class=\"elementskit-meta-lists elementskit-style-tag\">\n                                        <div class=\"elementskit-single-meta triangle_left\"><span class=\"elementskit-meta-wraper\"><strong>01<\/strong>Juin<\/span><\/div>\n                                    <\/div>\n                                                                                            \n                            \n\t\t\t\t\t\t\t\t\t\t\t\t\t<\/div><!-- .elementskit-entry-header END -->\n\n\t\t\t\t\t\t<div class=\"elementskit-post-body \">\n\t\t\t\t\t\t\t\n\t\t\t\t\t\t\t\t\t\t\t\t\t\t\t\t\t\t\t\t\t\t\t\t\t\t\t\t<div class=\"post-meta-list\">\n\t\t\t\t\t\t\t\t\t\t\t\t\t\t\t\t\t\t\t\t\t\t\t\t\t\t\t\t\t\t\t\t<span class=\"meta-date\">\n\n\t\t\t\t\t\t\t\t\t\t<i aria-hidden=\"true\" class=\"icon icon-calendar3\"><\/i>\n\t\t\t\t\t\t\t\t\t\t<span class=\"meta-date-text\">\n\t\t\t\t\t\t\t\t\t\t\t1 juin 2021\t\t\t\t\t\t\t\t\t\t<\/span>\n\t\t\t\t\t\t\t\t\t<\/span>\n\t\t\t\t\t\t\t\t\t\t\t\t\t\t\t\t\t\t\t\t\t\t\t\t\t\t\t\t\t\t\t\t\t\t\t\t\t<\/div>\n\t\t\t\t\t\t\t\t\t\t\t\t\t\n\t\t\t\t\t\t\t\t\n\t\t\t\t\t\t\t\t\t\t\t\t\t\t\t\t\t\t\t\t\t<h2 class=\"entry-title\">\n\t\t\t\t\t<a href=\"https:\/\/www.ellesaussi.org\/?p=898\">\n\t\t\t\t\t\tParit\u00e9 hommes femmes, la r\u00e9partition du pouvoir est-elle \u00e9galitaire dans les conseils g\u00e9n\u00e9raux ?\t\t\t\t\t<\/a>\n\t\t\t\t<\/h2>\n\t\t\t\t\t\t\t\t\t\t\t\t\t\t\t\t\t\t\t\t\t\t\t\t\t\t\t\t\t\t\t\t\t\t\t\t\t\t\t\t\t\t<p>un reportage de France 3 Alsace sur les changements occasionn\u00e9s par l&rsquo;arriv\u00e9e des bin\u00f4mes paritaires en 2015 dans les conseils d\u00e9partements d&rsquo;Alsace, devenus collectivit\u00e9 europ\u00e9enne d&rsquo;Alsace en janvier 2021. https:\/\/youtu.be\/I6TBuqYD-74?si=6e_7MKhZn_UJyYGA<\/p>\n\t\t\t\t\t\t\t\t\t\t\t\t\t\t\t\t\t\t\t\t\t\t                                                            <div class=\"btn-wraper\">\n                                    \n                                                                            <a class=\"elementskit-btn whitespace--normal\" id=\"\" href=\"https:\/\/www.ellesaussi.org\/?p=898\">\n                                        \t                                            en savoir plus                                        <\/a>\n                                                                    <\/div>\n                                                    <\/div><!-- .elementskit-post-body END -->\n                    <\/div>\n                \n            <\/div>\n                    <div class=\"col-lg-4 col-md-6\">\n\n                                    <div class=\"elementskit-post-image-card\">\n                        <div class=\"elementskit-entry-header\">\n                                                            <a href=\"https:\/\/www.ellesaussi.org\/?p=893\" class=\"elementskit-entry-thumb\">\n                                    <img decoding=\"async\" src=\"https:\/\/www.ellesaussi.org\/wp-content\/uploads\/2024\/10\/appel-du-18-juin-2024-Elles-aussi.jpg\" alt=\"2021, Le temps du bilan de la parit\u00e9 dans les conseils d\u00e9partementaux\">\n                                <\/a><!-- .elementskit-entry-thumb END -->\n                                                                                                    <div class=\"elementskit-meta-lists elementskit-style-tag\">\n                                        <div class=\"elementskit-single-meta triangle_left\"><span class=\"elementskit-meta-wraper\"><strong>01<\/strong>Juin<\/span><\/div>\n                                    <\/div>\n                                                                                            \n                            \n\t\t\t\t\t\t\t\t\t\t\t\t\t<\/div><!-- .elementskit-entry-header END -->\n\n\t\t\t\t\t\t<div class=\"elementskit-post-body \">\n\t\t\t\t\t\t\t\n\t\t\t\t\t\t\t\t\t\t\t\t\t\t\t\t\t\t\t\t\t\t\t\t\t\t\t\t<div class=\"post-meta-list\">\n\t\t\t\t\t\t\t\t\t\t\t\t\t\t\t\t\t\t\t\t\t\t\t\t\t\t\t\t\t\t\t\t<span class=\"meta-date\">\n\n\t\t\t\t\t\t\t\t\t\t<i aria-hidden=\"true\" class=\"icon icon-calendar3\"><\/i>\n\t\t\t\t\t\t\t\t\t\t<span class=\"meta-date-text\">\n\t\t\t\t\t\t\t\t\t\t\t1 juin 2021\t\t\t\t\t\t\t\t\t\t<\/span>\n\t\t\t\t\t\t\t\t\t<\/span>\n\t\t\t\t\t\t\t\t\t\t\t\t\t\t\t\t\t\t\t\t\t\t\t\t\t\t\t\t\t\t\t\t\t\t\t\t\t<\/div>\n\t\t\t\t\t\t\t\t\t\t\t\t\t\n\t\t\t\t\t\t\t\t\n\t\t\t\t\t\t\t\t\t\t\t\t\t\t\t\t\t\t\t\t\t<h2 class=\"entry-title\">\n\t\t\t\t\t<a href=\"https:\/\/www.ellesaussi.org\/?p=893\">\n\t\t\t\t\t\t2021, Le temps du bilan de la parit\u00e9 dans les conseils d\u00e9partementaux\t\t\t\t\t<\/a>\n\t\t\t\t<\/h2>\n\t\t\t\t\t\t\t\t\t\t\t\t\t\t\t\t\t\t\t\t\t\t\t\t\t\t\t\t\t\t\t\t\t\t\t\t\t\t\t\t\t\t<p>2013, une loi r\u00e9volutionnaire : le scrutin binominal aux \u00e9lections d\u00e9partementales Le principe du bin\u00f4me paritaire imagin\u00e9 en 1992 par la sociologue Fran\u00e7oise Gaspard, trouve un \u00e9cho le 17 mai 2013. La loi\u2026<\/p>\n\t\t\t\t\t\t\t\t\t\t\t\t\t\t\t\t\t\t\t\t\t\t                                                            <div class=\"btn-wraper\">\n                                    \n                                                                            <a class=\"elementskit-btn whitespace--normal\" id=\"\" href=\"https:\/\/www.ellesaussi.org\/?p=893\">\n                                        \t                                            en savoir plus                                        <\/a>\n                                                                    <\/div>\n                                                    <\/div><!-- .elementskit-post-body END -->\n                    <\/div>\n                \n            <\/div>\n                    <div class=\"col-lg-4 col-md-6\">\n\n                                    <div class=\"elementskit-post-image-card\">\n                        <div class=\"elementskit-entry-header\">\n                                                            <a href=\"https:\/\/www.ellesaussi.org\/?p=875\" class=\"elementskit-entry-thumb\">\n                                    <img decoding=\"async\" src=\"https:\/\/www.ellesaussi.org\/wp-content\/uploads\/2024\/10\/e71e1a777b3e112a6642ff315df47b.jpg\" alt=\"Mandats locaux\u00a0: les femmes plus nombreuses, sauf aux postes de direction\">\n                                <\/a><!-- .elementskit-entry-thumb END -->\n                                                                                                    <div class=\"elementskit-meta-lists elementskit-style-tag\">\n                                        <div class=\"elementskit-single-meta triangle_left\"><span class=\"elementskit-meta-wraper\"><strong>06<\/strong>Avr<\/span><\/div>\n                                    <\/div>\n                                                                                            \n                            \n\t\t\t\t\t\t\t\t\t\t\t\t\t<\/div><!-- .elementskit-entry-header END -->\n\n\t\t\t\t\t\t<div class=\"elementskit-post-body \">\n\t\t\t\t\t\t\t\n\t\t\t\t\t\t\t\t\t\t\t\t\t\t\t\t\t\t\t\t\t\t\t\t\t\t\t\t<div class=\"post-meta-list\">\n\t\t\t\t\t\t\t\t\t\t\t\t\t\t\t\t\t\t\t\t\t\t\t\t\t\t\t\t\t\t\t\t<span class=\"meta-date\">\n\n\t\t\t\t\t\t\t\t\t\t<i aria-hidden=\"true\" class=\"icon icon-calendar3\"><\/i>\n\t\t\t\t\t\t\t\t\t\t<span class=\"meta-date-text\">\n\t\t\t\t\t\t\t\t\t\t\t6 avril 2021\t\t\t\t\t\t\t\t\t\t<\/span>\n\t\t\t\t\t\t\t\t\t<\/span>\n\t\t\t\t\t\t\t\t\t\t\t\t\t\t\t\t\t\t\t\t\t\t\t\t\t\t\t\t\t\t\t\t\t\t\t\t\t<\/div>\n\t\t\t\t\t\t\t\t\t\t\t\t\t\n\t\t\t\t\t\t\t\t\n\t\t\t\t\t\t\t\t\t\t\t\t\t\t\t\t\t\t\t\t\t<h2 class=\"entry-title\">\n\t\t\t\t\t<a href=\"https:\/\/www.ellesaussi.org\/?p=875\">\n\t\t\t\t\t\tMandats locaux\u00a0: les femmes plus nombreuses, sauf aux postes de direction\t\t\t\t\t<\/a>\n\t\t\t\t<\/h2>\n\t\t\t\t\t\t\t\t\t\t\t\t\t\t\t\t\t\t\t\t\t\t\t\t\t\t\t\t\t\t\t\t\t\t\t\t\t\t\t\t\t\t<p>(source inegalites.fr) Seules 5 r\u00e9gions sur 18 ont une pr\u00e9sidente \u00e0 leur t\u00eate. \u00c0 peine 20\u00a0% des maires sont des femmes. Malgr\u00e9 la parit\u00e9 impos\u00e9e par la loi, les directions des assembl\u00e9es locales\u2026<\/p>\n\t\t\t\t\t\t\t\t\t\t\t\t\t\t\t\t\t\t\t\t\t\t                                                            <div class=\"btn-wraper\">\n                                    \n                                                                            <a class=\"elementskit-btn whitespace--normal\" id=\"\" href=\"https:\/\/www.ellesaussi.org\/?p=875\">\n                                        \t                                            en savoir plus                                        <\/a>\n                                                                    <\/div>\n                                                    <\/div><!-- .elementskit-post-body END -->\n                    <\/div>\n                \n            <\/div>\n                <\/div>\n       <\/div>\t\t<\/div>\n\t\t\t\t<\/div>\n\t\t\t\t\t<\/div>\n\t\t\t\t<\/div>\n\t\t\t\t<\/div>\n\t\t","protected":false},"excerpt":{"rendered":"<p>03D\u00e9c 3 d\u00e9cembre 2021 Synth\u00e8se de l\u2019enqu\u00eate sur les conseill\u00e8res et conseillers d\u00e9partementauxr\u00e9alis\u00e9e par L\u00e9onie Fontaine de mai \u00e0 juillet 2021 Apport des bin\u00f4mes d\u00e9partementaux dans la gouvernance locale,\u00a0 durant la mandature 2015-2021 Avant les \u00e9lections d\u00e9partementales de 2021 nous avons voulu nous faire une id\u00e9e sur les changements intervenus dans les conseils d\u00e9partementaux\u2026 en [&hellip;]<\/p>\n","protected":false},"author":1,"featured_media":0,"parent":0,"menu_order":0,"comment_status":"closed","ping_status":"closed","template":"","meta":{"footnotes":""},"class_list":["post-904","page","type-page","status-publish","hentry"],"yoast_head":"<!-- This site is optimized with the Yoast SEO plugin v22.8 - https:\/\/yoast.com\/wordpress\/plugins\/seo\/ -->\n<title>Elections d\u00e9partementales et r\u00e9gionales de 2021 - Elles Aussi<\/title>\n<meta name=\"robots\" content=\"index, follow, max-snippet:-1, max-image-preview:large, max-video-preview:-1\" \/>\n<link rel=\"canonical\" href=\"https:\/\/www.ellesaussi.org\/?page_id=904\" \/>\n<meta property=\"og:locale\" content=\"fr_FR\" \/>\n<meta property=\"og:type\" content=\"article\" \/>\n<meta property=\"og:title\" content=\"Elections d\u00e9partementales et r\u00e9gionales de 2021 - Elles Aussi\" \/>\n<meta property=\"og:description\" content=\"03D\u00e9c 3 d\u00e9cembre 2021 Synth\u00e8se de l\u2019enqu\u00eate sur les conseill\u00e8res et conseillers d\u00e9partementauxr\u00e9alis\u00e9e par L\u00e9onie Fontaine de mai \u00e0 juillet 2021 Apport des bin\u00f4mes d\u00e9partementaux dans la gouvernance locale,\u00a0 durant la mandature 2015-2021 Avant les \u00e9lections d\u00e9partementales de 2021 nous avons voulu nous faire une id\u00e9e sur les changements intervenus dans les conseils d\u00e9partementaux\u2026 en [&hellip;]\" \/>\n<meta property=\"og:url\" content=\"https:\/\/www.ellesaussi.org\/?page_id=904\" \/>\n<meta property=\"og:site_name\" content=\"Elles Aussi\" \/>\n<meta property=\"article:publisher\" content=\"https:\/\/www.facebook.com\/ellesaussi\/\" \/>\n<meta property=\"article:modified_time\" content=\"2024-12-20T10:21:59+00:00\" \/>\n<meta property=\"og:image\" content=\"https:\/\/www.ellesaussi.org\/wp-content\/uploads\/2024\/10\/appel-du-18-juin-2024-Elles-aussi.jpg\" \/>\n<meta name=\"twitter:card\" content=\"summary_large_image\" \/>\n<meta name=\"twitter:label1\" content=\"Dur\u00e9e de lecture estim\u00e9e\" \/>\n\t<meta name=\"twitter:data1\" content=\"3 minutes\" \/>\n<script type=\"application\/ld+json\" class=\"yoast-schema-graph\">{\"@context\":\"https:\/\/schema.org\",\"@graph\":[{\"@type\":\"WebPage\",\"@id\":\"https:\/\/www.ellesaussi.org\/?page_id=904\",\"url\":\"https:\/\/www.ellesaussi.org\/?page_id=904\",\"name\":\"Elections d\u00e9partementales et r\u00e9gionales de 2021 - Elles Aussi\",\"isPartOf\":{\"@id\":\"https:\/\/www.ellesaussi.org\/#website\"},\"primaryImageOfPage\":{\"@id\":\"https:\/\/www.ellesaussi.org\/?page_id=904#primaryimage\"},\"image\":{\"@id\":\"https:\/\/www.ellesaussi.org\/?page_id=904#primaryimage\"},\"thumbnailUrl\":\"https:\/\/www.ellesaussi.org\/wp-content\/uploads\/2024\/10\/appel-du-18-juin-2024-Elles-aussi.jpg\",\"datePublished\":\"2024-10-16T14:59:01+00:00\",\"dateModified\":\"2024-12-20T10:21:59+00:00\",\"breadcrumb\":{\"@id\":\"https:\/\/www.ellesaussi.org\/?page_id=904#breadcrumb\"},\"inLanguage\":\"fr-FR\",\"potentialAction\":[{\"@type\":\"ReadAction\",\"target\":[\"https:\/\/www.ellesaussi.org\/?page_id=904\"]}]},{\"@type\":\"ImageObject\",\"inLanguage\":\"fr-FR\",\"@id\":\"https:\/\/www.ellesaussi.org\/?page_id=904#primaryimage\",\"url\":\"https:\/\/www.ellesaussi.org\/wp-content\/uploads\/2024\/10\/appel-du-18-juin-2024-Elles-aussi.jpg\",\"contentUrl\":\"https:\/\/www.ellesaussi.org\/wp-content\/uploads\/2024\/10\/appel-du-18-juin-2024-Elles-aussi.jpg\",\"width\":200,\"height\":144},{\"@type\":\"BreadcrumbList\",\"@id\":\"https:\/\/www.ellesaussi.org\/?page_id=904#breadcrumb\",\"itemListElement\":[{\"@type\":\"ListItem\",\"position\":1,\"name\":\"Accueil\",\"item\":\"https:\/\/www.ellesaussi.org\/\"},{\"@type\":\"ListItem\",\"position\":2,\"name\":\"Elections d\u00e9partementales et r\u00e9gionales de 2021\"}]},{\"@type\":\"WebSite\",\"@id\":\"https:\/\/www.ellesaussi.org\/#website\",\"url\":\"https:\/\/www.ellesaussi.org\/\",\"name\":\"Elles Aussi\",\"description\":\"\",\"publisher\":{\"@id\":\"https:\/\/www.ellesaussi.org\/#organization\"},\"potentialAction\":[{\"@type\":\"SearchAction\",\"target\":{\"@type\":\"EntryPoint\",\"urlTemplate\":\"https:\/\/www.ellesaussi.org\/?s={search_term_string}\"},\"query-input\":\"required name=search_term_string\"}],\"inLanguage\":\"fr-FR\"},{\"@type\":\"Organization\",\"@id\":\"https:\/\/www.ellesaussi.org\/#organization\",\"name\":\"Elles Aussi\",\"url\":\"https:\/\/www.ellesaussi.org\/\",\"logo\":{\"@type\":\"ImageObject\",\"inLanguage\":\"fr-FR\",\"@id\":\"https:\/\/www.ellesaussi.org\/#\/schema\/logo\/image\/\",\"url\":\"https:\/\/www.ellesaussi.org\/wp-content\/uploads\/2024\/05\/Elles-aussi_logotype_rouge.png\",\"contentUrl\":\"https:\/\/www.ellesaussi.org\/wp-content\/uploads\/2024\/05\/Elles-aussi_logotype_rouge.png\",\"width\":3472,\"height\":2480,\"caption\":\"Elles Aussi\"},\"image\":{\"@id\":\"https:\/\/www.ellesaussi.org\/#\/schema\/logo\/image\/\"},\"sameAs\":[\"https:\/\/www.facebook.com\/ellesaussi\/\"]}]}<\/script>\n<!-- \/ Yoast SEO plugin. -->","yoast_head_json":{"title":"Elections d\u00e9partementales et r\u00e9gionales de 2021 - Elles Aussi","robots":{"index":"index","follow":"follow","max-snippet":"max-snippet:-1","max-image-preview":"max-image-preview:large","max-video-preview":"max-video-preview:-1"},"canonical":"https:\/\/www.ellesaussi.org\/?page_id=904","og_locale":"fr_FR","og_type":"article","og_title":"Elections d\u00e9partementales et r\u00e9gionales de 2021 - Elles Aussi","og_description":"03D\u00e9c 3 d\u00e9cembre 2021 Synth\u00e8se de l\u2019enqu\u00eate sur les conseill\u00e8res et conseillers d\u00e9partementauxr\u00e9alis\u00e9e par L\u00e9onie Fontaine de mai \u00e0 juillet 2021 Apport des bin\u00f4mes d\u00e9partementaux dans la gouvernance locale,\u00a0 durant la mandature 2015-2021 Avant les \u00e9lections d\u00e9partementales de 2021 nous avons voulu nous faire une id\u00e9e sur les changements intervenus dans les conseils d\u00e9partementaux\u2026 en [&hellip;]","og_url":"https:\/\/www.ellesaussi.org\/?page_id=904","og_site_name":"Elles Aussi","article_publisher":"https:\/\/www.facebook.com\/ellesaussi\/","article_modified_time":"2024-12-20T10:21:59+00:00","og_image":[{"url":"https:\/\/www.ellesaussi.org\/wp-content\/uploads\/2024\/10\/appel-du-18-juin-2024-Elles-aussi.jpg"}],"twitter_card":"summary_large_image","twitter_misc":{"Dur\u00e9e de lecture estim\u00e9e":"3 minutes"},"schema":{"@context":"https:\/\/schema.org","@graph":[{"@type":"WebPage","@id":"https:\/\/www.ellesaussi.org\/?page_id=904","url":"https:\/\/www.ellesaussi.org\/?page_id=904","name":"Elections d\u00e9partementales et r\u00e9gionales de 2021 - Elles Aussi","isPartOf":{"@id":"https:\/\/www.ellesaussi.org\/#website"},"primaryImageOfPage":{"@id":"https:\/\/www.ellesaussi.org\/?page_id=904#primaryimage"},"image":{"@id":"https:\/\/www.ellesaussi.org\/?page_id=904#primaryimage"},"thumbnailUrl":"https:\/\/www.ellesaussi.org\/wp-content\/uploads\/2024\/10\/appel-du-18-juin-2024-Elles-aussi.jpg","datePublished":"2024-10-16T14:59:01+00:00","dateModified":"2024-12-20T10:21:59+00:00","breadcrumb":{"@id":"https:\/\/www.ellesaussi.org\/?page_id=904#breadcrumb"},"inLanguage":"fr-FR","potentialAction":[{"@type":"ReadAction","target":["https:\/\/www.ellesaussi.org\/?page_id=904"]}]},{"@type":"ImageObject","inLanguage":"fr-FR","@id":"https:\/\/www.ellesaussi.org\/?page_id=904#primaryimage","url":"https:\/\/www.ellesaussi.org\/wp-content\/uploads\/2024\/10\/appel-du-18-juin-2024-Elles-aussi.jpg","contentUrl":"https:\/\/www.ellesaussi.org\/wp-content\/uploads\/2024\/10\/appel-du-18-juin-2024-Elles-aussi.jpg","width":200,"height":144},{"@type":"BreadcrumbList","@id":"https:\/\/www.ellesaussi.org\/?page_id=904#breadcrumb","itemListElement":[{"@type":"ListItem","position":1,"name":"Accueil","item":"https:\/\/www.ellesaussi.org\/"},{"@type":"ListItem","position":2,"name":"Elections d\u00e9partementales et r\u00e9gionales de 2021"}]},{"@type":"WebSite","@id":"https:\/\/www.ellesaussi.org\/#website","url":"https:\/\/www.ellesaussi.org\/","name":"Elles Aussi","description":"","publisher":{"@id":"https:\/\/www.ellesaussi.org\/#organization"},"potentialAction":[{"@type":"SearchAction","target":{"@type":"EntryPoint","urlTemplate":"https:\/\/www.ellesaussi.org\/?s={search_term_string}"},"query-input":"required name=search_term_string"}],"inLanguage":"fr-FR"},{"@type":"Organization","@id":"https:\/\/www.ellesaussi.org\/#organization","name":"Elles Aussi","url":"https:\/\/www.ellesaussi.org\/","logo":{"@type":"ImageObject","inLanguage":"fr-FR","@id":"https:\/\/www.ellesaussi.org\/#\/schema\/logo\/image\/","url":"https:\/\/www.ellesaussi.org\/wp-content\/uploads\/2024\/05\/Elles-aussi_logotype_rouge.png","contentUrl":"https:\/\/www.ellesaussi.org\/wp-content\/uploads\/2024\/05\/Elles-aussi_logotype_rouge.png","width":3472,"height":2480,"caption":"Elles Aussi"},"image":{"@id":"https:\/\/www.ellesaussi.org\/#\/schema\/logo\/image\/"},"sameAs":["https:\/\/www.facebook.com\/ellesaussi\/"]}]}},"_links":{"self":[{"href":"https:\/\/www.ellesaussi.org\/index.php?rest_route=\/wp\/v2\/pages\/904","targetHints":{"allow":["GET"]}}],"collection":[{"href":"https:\/\/www.ellesaussi.org\/index.php?rest_route=\/wp\/v2\/pages"}],"about":[{"href":"https:\/\/www.ellesaussi.org\/index.php?rest_route=\/wp\/v2\/types\/page"}],"author":[{"embeddable":true,"href":"https:\/\/www.ellesaussi.org\/index.php?rest_route=\/wp\/v2\/users\/1"}],"replies":[{"embeddable":true,"href":"https:\/\/www.ellesaussi.org\/index.php?rest_route=%2Fwp%2Fv2%2Fcomments&post=904"}],"version-history":[{"count":10,"href":"https:\/\/www.ellesaussi.org\/index.php?rest_route=\/wp\/v2\/pages\/904\/revisions"}],"predecessor-version":[{"id":3091,"href":"https:\/\/www.ellesaussi.org\/index.php?rest_route=\/wp\/v2\/pages\/904\/revisions\/3091"}],"wp:attachment":[{"href":"https:\/\/www.ellesaussi.org\/index.php?rest_route=%2Fwp%2Fv2%2Fmedia&parent=904"}],"curies":[{"name":"wp","href":"https:\/\/api.w.org\/{rel}","templated":true}]}}