{"id":1875,"date":"2024-11-08T11:15:21","date_gmt":"2024-11-08T10:15:21","guid":{"rendered":"https:\/\/elles129186.webdb78.lwspanel.com\/?page_id=1875"},"modified":"2024-12-20T11:29:04","modified_gmt":"2024-12-20T10:29:04","slug":"perspectives-2020-calendrier-de-notre-mobilisation","status":"publish","type":"page","link":"https:\/\/www.ellesaussi.org\/?page_id=1875","title":{"rendered":"Perspectives 2020 &#8211; Calendrier de notre mobilisation"},"content":{"rendered":"\t\t<div data-elementor-type=\"wp-page\" data-elementor-id=\"1875\" class=\"elementor elementor-1875\" data-elementor-post-type=\"page\">\n\t\t\t\t<div class=\"elementor-element elementor-element-680ad774 e-flex e-con-boxed e-con e-parent\" data-id=\"680ad774\" data-element_type=\"container\">\n\t\t\t\t\t<div class=\"e-con-inner\">\n\t\t\t\t<div class=\"elementor-element elementor-element-fa70a10 elementor-widget elementor-widget-elementskit-blog-posts\" data-id=\"fa70a10\" data-element_type=\"widget\" data-widget_type=\"elementskit-blog-posts.default\">\n\t\t\t\t<div class=\"elementor-widget-container\">\n\t\t\t<div class=\"ekit-wid-con\" >        <div id=\"post-items--fa70a10\" class=\"row post-items\" data-masonry-config=\"true\">\n                    <div class=\"col-lg-4 col-md-6\">\n\n                                    <div class=\"elementskit-post-image-card\">\n                        <div class=\"elementskit-entry-header\">\n                                                            <a href=\"https:\/\/www.ellesaussi.org\/?p=1868\" class=\"elementskit-entry-thumb\">\n                                    <img decoding=\"async\" src=\"https:\/\/www.ellesaussi.org\/wp-content\/uploads\/2024\/11\/FA-Tour-Colmar-France-egal-152.jpg\" alt=\"Tour de France de l\u2019\u00e9galit\u00e9 femmes\/hommes \u00e0 Colmar, Femmes d\u2019Alsace vous invite.\">\n                                <\/a><!-- .elementskit-entry-thumb END -->\n                                                                                                    <div class=\"elementskit-meta-lists elementskit-style-tag\">\n                                        <div class=\"elementskit-single-meta triangle_left\"><span class=\"elementskit-meta-wraper\"><strong>15<\/strong>D\u00e9c<\/span><\/div>\n                                    <\/div>\n                                                                                            \n                            \n\t\t\t\t\t\t\t\t\t\t\t\t\t<\/div><!-- .elementskit-entry-header END -->\n\n\t\t\t\t\t\t<div class=\"elementskit-post-body \">\n\t\t\t\t\t\t\t\n\t\t\t\t\t\t\t\t\t\t\t\t\t\t\t\t\t\t\t\t\t\t\t\t\t\t\t\t<div class=\"post-meta-list\">\n\t\t\t\t\t\t\t\t\t\t\t\t\t\t\t\t\t\t\t\t\t\t\t\t\t\t\t\t\t\t\t\t<span class=\"meta-date\">\n\n\t\t\t\t\t\t\t\t\t\t<i aria-hidden=\"true\" class=\"icon icon-calendar3\"><\/i>\n\t\t\t\t\t\t\t\t\t\t<span class=\"meta-date-text\">\n\t\t\t\t\t\t\t\t\t\t\t15 d\u00e9cembre 2017\t\t\t\t\t\t\t\t\t\t<\/span>\n\t\t\t\t\t\t\t\t\t<\/span>\n\t\t\t\t\t\t\t\t\t\t\t\t\t\t\t\t\t\t\t\t\t\t\t\t\t\t\t\t\t\t\t\t\t\t\t\t\t<\/div>\n\t\t\t\t\t\t\t\t\t\t\t\t\t\n\t\t\t\t\t\t\t\t\n\t\t\t\t\t\t\t\t\t\t\t\t\t\t\t\t\t\t\t\t\t<h2 class=\"entry-title\">\n\t\t\t\t\t<a href=\"https:\/\/www.ellesaussi.org\/?p=1868\">\n\t\t\t\t\t\tTour de France de l\u2019\u00e9galit\u00e9 femmes\/hommes \u00e0 Colmar, Femmes d\u2019Alsace vous invite.\t\t\t\t\t<\/a>\n\t\t\t\t<\/h2>\n\t\t\t\t\t\t\t\t\t\t\t\t\t\t\t\t\t\t\t\t\t\t\t\t\t\t\t\t\t\t\t\t\t\t\t\t\t\t\t\t\t\t<p><\/p>\n\t\t\t\t\t\t\t\t\t\t\t\t\t\t\t\t\t\t\t\t\t\t                                                            <div class=\"btn-wraper\">\n                                    \n                                                                            <a class=\"elementskit-btn whitespace--normal\" id=\"\" href=\"https:\/\/www.ellesaussi.org\/?p=1868\">\n                                        \t                                            en savoir plus                                        <\/a>\n                                                                    <\/div>\n                                                    <\/div><!-- .elementskit-post-body END -->\n                    <\/div>\n                \n            <\/div>\n                    <div class=\"col-lg-4 col-md-6\">\n\n                                    <div class=\"elementskit-post-image-card\">\n                        <div class=\"elementskit-entry-header\">\n                                                            <a href=\"https:\/\/www.ellesaussi.org\/?p=1938\" class=\"elementskit-entry-thumb\">\n                                    <img decoding=\"async\" src=\"https:\/\/www.ellesaussi.org\/wp-content\/uploads\/2024\/11\/FA-Tour-Colmar-France-egal-152.jpg\" alt=\"Tour de France de l\u2019\u00e9galit\u00e9 femmes\/hommes \u00e0 Mulhouse, Femmes d\u2019Alsace vous invite.\">\n                                <\/a><!-- .elementskit-entry-thumb END -->\n                                                                                                    <div class=\"elementskit-meta-lists elementskit-style-tag\">\n                                        <div class=\"elementskit-single-meta triangle_left\"><span class=\"elementskit-meta-wraper\"><strong>11<\/strong>D\u00e9c<\/span><\/div>\n                                    <\/div>\n                                                                                            \n                            \n\t\t\t\t\t\t\t\t\t\t\t\t\t<\/div><!-- .elementskit-entry-header END -->\n\n\t\t\t\t\t\t<div class=\"elementskit-post-body \">\n\t\t\t\t\t\t\t\n\t\t\t\t\t\t\t\t\t\t\t\t\t\t\t\t\t\t\t\t\t\t\t\t\t\t\t\t<div class=\"post-meta-list\">\n\t\t\t\t\t\t\t\t\t\t\t\t\t\t\t\t\t\t\t\t\t\t\t\t\t\t\t\t\t\t\t\t<span class=\"meta-date\">\n\n\t\t\t\t\t\t\t\t\t\t<i aria-hidden=\"true\" class=\"icon icon-calendar3\"><\/i>\n\t\t\t\t\t\t\t\t\t\t<span class=\"meta-date-text\">\n\t\t\t\t\t\t\t\t\t\t\t11 d\u00e9cembre 2017\t\t\t\t\t\t\t\t\t\t<\/span>\n\t\t\t\t\t\t\t\t\t<\/span>\n\t\t\t\t\t\t\t\t\t\t\t\t\t\t\t\t\t\t\t\t\t\t\t\t\t\t\t\t\t\t\t\t\t\t\t\t\t<\/div>\n\t\t\t\t\t\t\t\t\t\t\t\t\t\n\t\t\t\t\t\t\t\t\n\t\t\t\t\t\t\t\t\t\t\t\t\t\t\t\t\t\t\t\t\t<h2 class=\"entry-title\">\n\t\t\t\t\t<a href=\"https:\/\/www.ellesaussi.org\/?p=1938\">\n\t\t\t\t\t\tTour de France de l\u2019\u00e9galit\u00e9 femmes\/hommes \u00e0 Mulhouse, Femmes d\u2019Alsace vous invite.\t\t\t\t\t<\/a>\n\t\t\t\t<\/h2>\n\t\t\t\t\t\t\t\t\t\t\t\t\t\t\t\t\t\t\t\t\t\t\t\t\t\t\t\t\t\t\t\t\t\t\t\t\t\t\t\t\t\t<p>\u00ab Pas assez d\u2019entraide entre les femmes \u00bb Dans le cadre du tour de France de l\u2019\u00e9galit\u00e9 femmes-hommes, organis\u00e9e par la secr\u00e9taire d\u2019\u00c9tat Marl\u00e8ne Schiappa, une rencontre avait lieu hier \u00e0 Mulhouse avec\u2026<\/p>\n\t\t\t\t\t\t\t\t\t\t\t\t\t\t\t\t\t\t\t\t\t\t                                                            <div class=\"btn-wraper\">\n                                    \n                                                                            <a class=\"elementskit-btn whitespace--normal\" id=\"\" href=\"https:\/\/www.ellesaussi.org\/?p=1938\">\n                                        \t                                            en savoir plus                                        <\/a>\n                                                                    <\/div>\n                                                    <\/div><!-- .elementskit-post-body END -->\n                    <\/div>\n                \n            <\/div>\n                    <div class=\"col-lg-4 col-md-6\">\n\n                                    <div class=\"elementskit-post-image-card\">\n                        <div class=\"elementskit-entry-header\">\n                                                            <a href=\"https:\/\/www.ellesaussi.org\/?p=1948\" class=\"elementskit-entry-thumb\">\n                                    <img decoding=\"async\" src=\"https:\/\/www.ellesaussi.org\/wp-content\/uploads\/2024\/10\/appel-du-18-juin-2024-Elles-aussi.jpg\" alt=\"Parit\u00e9 dans les intercommunalit\u00e9s en Haute Savoie ?\">\n                                <\/a><!-- .elementskit-entry-thumb END -->\n                                                                                                    <div class=\"elementskit-meta-lists elementskit-style-tag\">\n                                        <div class=\"elementskit-single-meta triangle_left\"><span class=\"elementskit-meta-wraper\"><strong>10<\/strong>Nov<\/span><\/div>\n                                    <\/div>\n                                                                                            \n                            \n\t\t\t\t\t\t\t\t\t\t\t\t\t<\/div><!-- .elementskit-entry-header END -->\n\n\t\t\t\t\t\t<div class=\"elementskit-post-body \">\n\t\t\t\t\t\t\t\n\t\t\t\t\t\t\t\t\t\t\t\t\t\t\t\t\t\t\t\t\t\t\t\t\t\t\t\t<div class=\"post-meta-list\">\n\t\t\t\t\t\t\t\t\t\t\t\t\t\t\t\t\t\t\t\t\t\t\t\t\t\t\t\t\t\t\t\t<span class=\"meta-date\">\n\n\t\t\t\t\t\t\t\t\t\t<i aria-hidden=\"true\" class=\"icon icon-calendar3\"><\/i>\n\t\t\t\t\t\t\t\t\t\t<span class=\"meta-date-text\">\n\t\t\t\t\t\t\t\t\t\t\t10 novembre 2017\t\t\t\t\t\t\t\t\t\t<\/span>\n\t\t\t\t\t\t\t\t\t<\/span>\n\t\t\t\t\t\t\t\t\t\t\t\t\t\t\t\t\t\t\t\t\t\t\t\t\t\t\t\t\t\t\t\t\t\t\t\t\t<\/div>\n\t\t\t\t\t\t\t\t\t\t\t\t\t\n\t\t\t\t\t\t\t\t\n\t\t\t\t\t\t\t\t\t\t\t\t\t\t\t\t\t\t\t\t\t<h2 class=\"entry-title\">\n\t\t\t\t\t<a href=\"https:\/\/www.ellesaussi.org\/?p=1948\">\n\t\t\t\t\t\tParit\u00e9 dans les intercommunalit\u00e9s en Haute Savoie ?\t\t\t\t\t<\/a>\n\t\t\t\t<\/h2>\n\t\t\t\t\t\t\t\t\t\t\t\t\t\t\t\t\t\t\t\t\t\t\t\t\t\t\t\t\t\t\t\t\t\t\t\t\t\t\t\t\t\t<p>Parit\u00e9 dans les intercommunalit\u00e9s en Haute Savoie ? Encore un effort n\u00e9cessaire ! R\u00e9union d\u2019\u00e9lu.e.s pour en parler, vendredi 10 novembre \u00e0 Annecy, \u00e0 l\u2019initiative de l\u2019antenne r\u00e9gionale du r\u00e9seau Elles aussi, avec\u2026<\/p>\n\t\t\t\t\t\t\t\t\t\t\t\t\t\t\t\t\t\t\t\t\t\t                                                            <div class=\"btn-wraper\">\n                                    \n                                                                            <a class=\"elementskit-btn whitespace--normal\" id=\"\" href=\"https:\/\/www.ellesaussi.org\/?p=1948\">\n                                        \t                                            en savoir plus                                        <\/a>\n                                                                    <\/div>\n                                                    <\/div><!-- .elementskit-post-body END -->\n                    <\/div>\n                \n            <\/div>\n                    <div class=\"col-lg-4 col-md-6\">\n\n                                    <div class=\"elementskit-post-image-card\">\n                        <div class=\"elementskit-entry-header\">\n                                                            <a href=\"https:\/\/www.ellesaussi.org\/?p=1953\" class=\"elementskit-entry-thumb\">\n                                    <img decoding=\"async\" src=\"https:\/\/www.ellesaussi.org\/wp-content\/uploads\/2024\/10\/appel-du-18-juin-2024-Elles-aussi.jpg\" alt=\"La parit\u00e9 dans les EPCI, quels enjeux pour la d\u00e9mocratie locale? \u00e0 Annecy\">\n                                <\/a><!-- .elementskit-entry-thumb END -->\n                                                                                                    <div class=\"elementskit-meta-lists elementskit-style-tag\">\n                                        <div class=\"elementskit-single-meta triangle_left\"><span class=\"elementskit-meta-wraper\"><strong>07<\/strong>Nov<\/span><\/div>\n                                    <\/div>\n                                                                                            \n                            \n\t\t\t\t\t\t\t\t\t\t\t\t\t<\/div><!-- .elementskit-entry-header END -->\n\n\t\t\t\t\t\t<div class=\"elementskit-post-body \">\n\t\t\t\t\t\t\t\n\t\t\t\t\t\t\t\t\t\t\t\t\t\t\t\t\t\t\t\t\t\t\t\t\t\t\t\t<div class=\"post-meta-list\">\n\t\t\t\t\t\t\t\t\t\t\t\t\t\t\t\t\t\t\t\t\t\t\t\t\t\t\t\t\t\t\t\t<span class=\"meta-date\">\n\n\t\t\t\t\t\t\t\t\t\t<i aria-hidden=\"true\" class=\"icon icon-calendar3\"><\/i>\n\t\t\t\t\t\t\t\t\t\t<span class=\"meta-date-text\">\n\t\t\t\t\t\t\t\t\t\t\t7 novembre 2017\t\t\t\t\t\t\t\t\t\t<\/span>\n\t\t\t\t\t\t\t\t\t<\/span>\n\t\t\t\t\t\t\t\t\t\t\t\t\t\t\t\t\t\t\t\t\t\t\t\t\t\t\t\t\t\t\t\t\t\t\t\t\t<\/div>\n\t\t\t\t\t\t\t\t\t\t\t\t\t\n\t\t\t\t\t\t\t\t\n\t\t\t\t\t\t\t\t\t\t\t\t\t\t\t\t\t\t\t\t\t<h2 class=\"entry-title\">\n\t\t\t\t\t<a href=\"https:\/\/www.ellesaussi.org\/?p=1953\">\n\t\t\t\t\t\tLa parit\u00e9 dans les EPCI, quels enjeux pour la d\u00e9mocratie locale? \u00e0 Annecy\t\t\t\t\t<\/a>\n\t\t\t\t<\/h2>\n\t\t\t\t\t\t\t\t\t\t\t\t\t\t\t\t\t\t\t\t\t\t\t\t\t\t\t\t\t\t\t\t\t\t\t\t\t\t\t\t\t\t<p>Le 10 novembre \u00e0 Annecy, Elles aussi organise une conf\u00e9rence intitul\u00e9e: \u00ab\u00a0La parit\u00e9 dans les EPCI, quels enjeux pour la d\u00e9mocratie locale?\u00a0\u00bb r\u00e9unissant\u00a0 dans une table-ronde plusieurs \u00e9lu.e.s de Haute Savoie. \u00a0 Programme\u2026<\/p>\n\t\t\t\t\t\t\t\t\t\t\t\t\t\t\t\t\t\t\t\t\t\t                                                            <div class=\"btn-wraper\">\n                                    \n                                                                            <a class=\"elementskit-btn whitespace--normal\" id=\"\" href=\"https:\/\/www.ellesaussi.org\/?p=1953\">\n                                        \t                                            en savoir plus                                        <\/a>\n                                                                    <\/div>\n                                                    <\/div><!-- .elementskit-post-body END -->\n                    <\/div>\n                \n            <\/div>\n                    <div class=\"col-lg-4 col-md-6\">\n\n                                    <div class=\"elementskit-post-image-card\">\n                        <div class=\"elementskit-entry-header\">\n                                                            <a href=\"https:\/\/www.ellesaussi.org\/?p=1959\" class=\"elementskit-entry-thumb\">\n                                    <img decoding=\"async\" src=\"https:\/\/www.ellesaussi.org\/wp-content\/uploads\/2024\/10\/appel-du-18-juin-2024-Elles-aussi.jpg\" alt=\"Conf\u00e9rence le 7 octobre 2017 \u00e0 Saint-Alban-Leysse\">\n                                <\/a><!-- .elementskit-entry-thumb END -->\n                                                                                                    <div class=\"elementskit-meta-lists elementskit-style-tag\">\n                                        <div class=\"elementskit-single-meta triangle_left\"><span class=\"elementskit-meta-wraper\"><strong>20<\/strong>Sep<\/span><\/div>\n                                    <\/div>\n                                                                                            \n                            \n\t\t\t\t\t\t\t\t\t\t\t\t\t<\/div><!-- .elementskit-entry-header END -->\n\n\t\t\t\t\t\t<div class=\"elementskit-post-body \">\n\t\t\t\t\t\t\t\n\t\t\t\t\t\t\t\t\t\t\t\t\t\t\t\t\t\t\t\t\t\t\t\t\t\t\t\t<div class=\"post-meta-list\">\n\t\t\t\t\t\t\t\t\t\t\t\t\t\t\t\t\t\t\t\t\t\t\t\t\t\t\t\t\t\t\t\t<span class=\"meta-date\">\n\n\t\t\t\t\t\t\t\t\t\t<i aria-hidden=\"true\" class=\"icon icon-calendar3\"><\/i>\n\t\t\t\t\t\t\t\t\t\t<span class=\"meta-date-text\">\n\t\t\t\t\t\t\t\t\t\t\t20 septembre 2017\t\t\t\t\t\t\t\t\t\t<\/span>\n\t\t\t\t\t\t\t\t\t<\/span>\n\t\t\t\t\t\t\t\t\t\t\t\t\t\t\t\t\t\t\t\t\t\t\t\t\t\t\t\t\t\t\t\t\t\t\t\t\t<\/div>\n\t\t\t\t\t\t\t\t\t\t\t\t\t\n\t\t\t\t\t\t\t\t\n\t\t\t\t\t\t\t\t\t\t\t\t\t\t\t\t\t\t\t\t\t<h2 class=\"entry-title\">\n\t\t\t\t\t<a href=\"https:\/\/www.ellesaussi.org\/?p=1959\">\n\t\t\t\t\t\tConf\u00e9rence le 7 octobre 2017 \u00e0 Saint-Alban-Leysse\t\t\t\t\t<\/a>\n\t\t\t\t<\/h2>\n\t\t\t\t\t\t\t\t\t\t\t\t\t\t\t\t\t\t\t\t\t\t\t\t\t\t\t\t\t\t\t\t\t\t\t\t\t\t\t\t\t\t<p>En partenariat\u00a0 avec Elles aussi, Femmes \u00e9lues de Savoie organisent une conf\u00e9rence le 7 octobre 2017 \u00e0 Saint-Alban-Leysse: \u00a0\u00bb La place de la femme dans les intercommunalit\u00e9s, quels enjeux pour la d\u00e9mocratie locale?\u00a0\u00bb\u2026<\/p>\n\t\t\t\t\t\t\t\t\t\t\t\t\t\t\t\t\t\t\t\t\t\t                                                            <div class=\"btn-wraper\">\n                                    \n                                                                            <a class=\"elementskit-btn whitespace--normal\" id=\"\" href=\"https:\/\/www.ellesaussi.org\/?p=1959\">\n                                        \t                                            en savoir plus                                        <\/a>\n                                                                    <\/div>\n                                                    <\/div><!-- .elementskit-post-body END -->\n                    <\/div>\n                \n            <\/div>\n                    <div class=\"col-lg-4 col-md-6\">\n\n                                    <div class=\"elementskit-post-image-card\">\n                        <div class=\"elementskit-entry-header\">\n                                                            <a href=\"https:\/\/www.ellesaussi.org\/?p=1965\" class=\"elementskit-entry-thumb\">\n                                    <img decoding=\"async\" src=\"https:\/\/www.ellesaussi.org\/wp-content\/uploads\/2024\/10\/appel-du-18-juin-2024-Elles-aussi.jpg\" alt=\"Intervention au congr\u00e8s des maires de La Loire pour parler et d\u00e9battre de la place des femmes dans les Intercommunalit\u00e9s\">\n                                <\/a><!-- .elementskit-entry-thumb END -->\n                                                                                                    <div class=\"elementskit-meta-lists elementskit-style-tag\">\n                                        <div class=\"elementskit-single-meta triangle_left\"><span class=\"elementskit-meta-wraper\"><strong>08<\/strong>Mar<\/span><\/div>\n                                    <\/div>\n                                                                                            \n                            \n\t\t\t\t\t\t\t\t\t\t\t\t\t<\/div><!-- .elementskit-entry-header END -->\n\n\t\t\t\t\t\t<div class=\"elementskit-post-body \">\n\t\t\t\t\t\t\t\n\t\t\t\t\t\t\t\t\t\t\t\t\t\t\t\t\t\t\t\t\t\t\t\t\t\t\t\t<div class=\"post-meta-list\">\n\t\t\t\t\t\t\t\t\t\t\t\t\t\t\t\t\t\t\t\t\t\t\t\t\t\t\t\t\t\t\t\t<span class=\"meta-date\">\n\n\t\t\t\t\t\t\t\t\t\t<i aria-hidden=\"true\" class=\"icon icon-calendar3\"><\/i>\n\t\t\t\t\t\t\t\t\t\t<span class=\"meta-date-text\">\n\t\t\t\t\t\t\t\t\t\t\t8 mars 2017\t\t\t\t\t\t\t\t\t\t<\/span>\n\t\t\t\t\t\t\t\t\t<\/span>\n\t\t\t\t\t\t\t\t\t\t\t\t\t\t\t\t\t\t\t\t\t\t\t\t\t\t\t\t\t\t\t\t\t\t\t\t\t<\/div>\n\t\t\t\t\t\t\t\t\t\t\t\t\t\n\t\t\t\t\t\t\t\t\n\t\t\t\t\t\t\t\t\t\t\t\t\t\t\t\t\t\t\t\t\t<h2 class=\"entry-title\">\n\t\t\t\t\t<a href=\"https:\/\/www.ellesaussi.org\/?p=1965\">\n\t\t\t\t\t\tIntervention au congr\u00e8s des maires de La Loire pour parler et d\u00e9battre de la place des femmes dans les Intercommunalit\u00e9s\t\t\t\t\t<\/a>\n\t\t\t\t<\/h2>\n\t\t\t\t\t\t\t\t\t\t\t\t\t\t\t\t\t\t\t\t\t\t\t\t\t\t\t\t\t\t\t\t\t\t\t\t\t\t\t\t\t\t<p>Suite \u00e0 l\u2019invitation de Femmes \u00e9lues de la Loire, association membre d\u2019Elles aussi, Reine L\u00e9pinay, co-pr\u00e9sidente, et Anne-Marie Marmier, vice-pr\u00e9sidente, sont intervenues au congr\u00e8s des maires de La Loire pour parler et d\u00e9battre\u2026<\/p>\n\t\t\t\t\t\t\t\t\t\t\t\t\t\t\t\t\t\t\t\t\t\t                                                            <div class=\"btn-wraper\">\n                                    \n                                                                            <a class=\"elementskit-btn whitespace--normal\" id=\"\" href=\"https:\/\/www.ellesaussi.org\/?p=1965\">\n                                        \t                                            en savoir plus                                        <\/a>\n                                                                    <\/div>\n                                                    <\/div><!-- .elementskit-post-body END -->\n                    <\/div>\n                \n            <\/div>\n                    <div class=\"col-lg-4 col-md-6\">\n\n                                    <div class=\"elementskit-post-image-card\">\n                        <div class=\"elementskit-entry-header\">\n                                                            <a href=\"https:\/\/www.ellesaussi.org\/?p=1974\" class=\"elementskit-entry-thumb\">\n                                    <img decoding=\"async\" src=\"https:\/\/www.ellesaussi.org\/wp-content\/uploads\/2024\/10\/appel-du-18-juin-2024-Elles-aussi.jpg\" alt=\"Le coup de gueule des Femmes \u00e9lues de l\u2019Is\u00e8re dans le Dauphin\u00e9 Lib\u00e9r\u00e9\">\n                                <\/a><!-- .elementskit-entry-thumb END -->\n                                                                                                    <div class=\"elementskit-meta-lists elementskit-style-tag\">\n                                        <div class=\"elementskit-single-meta triangle_left\"><span class=\"elementskit-meta-wraper\"><strong>03<\/strong>D\u00e9c<\/span><\/div>\n                                    <\/div>\n                                                                                            \n                            \n\t\t\t\t\t\t\t\t\t\t\t\t\t<\/div><!-- .elementskit-entry-header END -->\n\n\t\t\t\t\t\t<div class=\"elementskit-post-body \">\n\t\t\t\t\t\t\t\n\t\t\t\t\t\t\t\t\t\t\t\t\t\t\t\t\t\t\t\t\t\t\t\t\t\t\t\t<div class=\"post-meta-list\">\n\t\t\t\t\t\t\t\t\t\t\t\t\t\t\t\t\t\t\t\t\t\t\t\t\t\t\t\t\t\t\t\t<span class=\"meta-date\">\n\n\t\t\t\t\t\t\t\t\t\t<i aria-hidden=\"true\" class=\"icon icon-calendar3\"><\/i>\n\t\t\t\t\t\t\t\t\t\t<span class=\"meta-date-text\">\n\t\t\t\t\t\t\t\t\t\t\t3 d\u00e9cembre 2016\t\t\t\t\t\t\t\t\t\t<\/span>\n\t\t\t\t\t\t\t\t\t<\/span>\n\t\t\t\t\t\t\t\t\t\t\t\t\t\t\t\t\t\t\t\t\t\t\t\t\t\t\t\t\t\t\t\t\t\t\t\t\t<\/div>\n\t\t\t\t\t\t\t\t\t\t\t\t\t\n\t\t\t\t\t\t\t\t\n\t\t\t\t\t\t\t\t\t\t\t\t\t\t\t\t\t\t\t\t\t<h2 class=\"entry-title\">\n\t\t\t\t\t<a href=\"https:\/\/www.ellesaussi.org\/?p=1974\">\n\t\t\t\t\t\tLe coup de gueule des Femmes \u00e9lues de l\u2019Is\u00e8re dans le Dauphin\u00e9 Lib\u00e9r\u00e9\t\t\t\t\t<\/a>\n\t\t\t\t<\/h2>\n\t\t\t\t\t\t\t\t\t\t\t\t\t\t\t\t\t\t\t\t\t\t\t\t\t\t\t\t\t\t\t\t\t\t\t\t\t\t\t\t\t\t<p><\/p>\n\t\t\t\t\t\t\t\t\t\t\t\t\t\t\t\t\t\t\t\t\t\t                                                            <div class=\"btn-wraper\">\n                                    \n                                                                            <a class=\"elementskit-btn whitespace--normal\" id=\"\" href=\"https:\/\/www.ellesaussi.org\/?p=1974\">\n                                        \t                                            en savoir plus                                        <\/a>\n                                                                    <\/div>\n                                                    <\/div><!-- .elementskit-post-body END -->\n                    <\/div>\n                \n            <\/div>\n                    <div class=\"col-lg-4 col-md-6\">\n\n                                    <div class=\"elementskit-post-image-card\">\n                        <div class=\"elementskit-entry-header\">\n                                                            <a href=\"https:\/\/www.ellesaussi.org\/?p=1979\" class=\"elementskit-entry-thumb\">\n                                    <img decoding=\"async\" src=\"https:\/\/www.ellesaussi.org\/wp-content\/uploads\/2024\/10\/appel-du-18-juin-2024-Elles-aussi.jpg\" alt=\"Fusion des EPCI, Quid de la parit\u00e9 au 1er janvier 2017 ?\">\n                                <\/a><!-- .elementskit-entry-thumb END -->\n                                                                                                    <div class=\"elementskit-meta-lists elementskit-style-tag\">\n                                        <div class=\"elementskit-single-meta triangle_left\"><span class=\"elementskit-meta-wraper\"><strong>20<\/strong>Nov<\/span><\/div>\n                                    <\/div>\n                                                                                            \n                            \n\t\t\t\t\t\t\t\t\t\t\t\t\t<\/div><!-- .elementskit-entry-header END -->\n\n\t\t\t\t\t\t<div class=\"elementskit-post-body \">\n\t\t\t\t\t\t\t\n\t\t\t\t\t\t\t\t\t\t\t\t\t\t\t\t\t\t\t\t\t\t\t\t\t\t\t\t<div class=\"post-meta-list\">\n\t\t\t\t\t\t\t\t\t\t\t\t\t\t\t\t\t\t\t\t\t\t\t\t\t\t\t\t\t\t\t\t<span class=\"meta-date\">\n\n\t\t\t\t\t\t\t\t\t\t<i aria-hidden=\"true\" class=\"icon icon-calendar3\"><\/i>\n\t\t\t\t\t\t\t\t\t\t<span class=\"meta-date-text\">\n\t\t\t\t\t\t\t\t\t\t\t20 novembre 2016\t\t\t\t\t\t\t\t\t\t<\/span>\n\t\t\t\t\t\t\t\t\t<\/span>\n\t\t\t\t\t\t\t\t\t\t\t\t\t\t\t\t\t\t\t\t\t\t\t\t\t\t\t\t\t\t\t\t\t\t\t\t\t<\/div>\n\t\t\t\t\t\t\t\t\t\t\t\t\t\n\t\t\t\t\t\t\t\t\n\t\t\t\t\t\t\t\t\t\t\t\t\t\t\t\t\t\t\t\t\t<h2 class=\"entry-title\">\n\t\t\t\t\t<a href=\"https:\/\/www.ellesaussi.org\/?p=1979\">\n\t\t\t\t\t\tFusion des EPCI, Quid de la parit\u00e9 au 1er janvier 2017 ?\t\t\t\t\t<\/a>\n\t\t\t\t<\/h2>\n\t\t\t\t\t\t\t\t\t\t\t\t\t\t\t\t\t\t\t\t\t\t\t\t\t\t\t\t\t\t\t\t\t\t\t\t\t\t\t\t\t\t<p>\u00ab Fusion des EPCI, Quid de la parit\u00e9 au 1er janvier 2017 ? \u00bb conf\u00e9rence qui s\u2019est tenue \u00e0 l\u2019h\u00f4tel de ville de Tours pour les \u00e9lu.e.s\u00a0 d\u2019Indre et Loire. Elle a \u00e9t\u00e9\u2026<\/p>\n\t\t\t\t\t\t\t\t\t\t\t\t\t\t\t\t\t\t\t\t\t\t                                                            <div class=\"btn-wraper\">\n                                    \n                                                                            <a class=\"elementskit-btn whitespace--normal\" id=\"\" href=\"https:\/\/www.ellesaussi.org\/?p=1979\">\n                                        \t                                            en savoir plus                                        <\/a>\n                                                                    <\/div>\n                                                    <\/div><!-- .elementskit-post-body END -->\n                    <\/div>\n                \n            <\/div>\n                    <div class=\"col-lg-4 col-md-6\">\n\n                                    <div class=\"elementskit-post-image-card\">\n                        <div class=\"elementskit-entry-header\">\n                                                            <a href=\"https:\/\/www.ellesaussi.org\/?p=1984\" class=\"elementskit-entry-thumb\">\n                                    <img decoding=\"async\" src=\"https:\/\/www.ellesaussi.org\/wp-content\/uploads\/2024\/10\/appel-du-18-juin-2024-Elles-aussi.jpg\" alt=\"Appel d\u2019Elles aussi aux maires et pr\u00e9sident.e.s d&rsquo;intercommunalit\u00e9s pour plus de femmes dans les nouvelles assembl\u00e9es et leurs ex\u00e9cutifs\">\n                                <\/a><!-- .elementskit-entry-thumb END -->\n                                                                                                    <div class=\"elementskit-meta-lists elementskit-style-tag\">\n                                        <div class=\"elementskit-single-meta triangle_left\"><span class=\"elementskit-meta-wraper\"><strong>08<\/strong>Nov<\/span><\/div>\n                                    <\/div>\n                                                                                            \n                            \n\t\t\t\t\t\t\t\t\t\t\t\t\t<\/div><!-- .elementskit-entry-header END -->\n\n\t\t\t\t\t\t<div class=\"elementskit-post-body \">\n\t\t\t\t\t\t\t\n\t\t\t\t\t\t\t\t\t\t\t\t\t\t\t\t\t\t\t\t\t\t\t\t\t\t\t\t<div class=\"post-meta-list\">\n\t\t\t\t\t\t\t\t\t\t\t\t\t\t\t\t\t\t\t\t\t\t\t\t\t\t\t\t\t\t\t\t<span class=\"meta-date\">\n\n\t\t\t\t\t\t\t\t\t\t<i aria-hidden=\"true\" class=\"icon icon-calendar3\"><\/i>\n\t\t\t\t\t\t\t\t\t\t<span class=\"meta-date-text\">\n\t\t\t\t\t\t\t\t\t\t\t8 novembre 2016\t\t\t\t\t\t\t\t\t\t<\/span>\n\t\t\t\t\t\t\t\t\t<\/span>\n\t\t\t\t\t\t\t\t\t\t\t\t\t\t\t\t\t\t\t\t\t\t\t\t\t\t\t\t\t\t\t\t\t\t\t\t\t<\/div>\n\t\t\t\t\t\t\t\t\t\t\t\t\t\n\t\t\t\t\t\t\t\t\n\t\t\t\t\t\t\t\t\t\t\t\t\t\t\t\t\t\t\t\t\t<h2 class=\"entry-title\">\n\t\t\t\t\t<a href=\"https:\/\/www.ellesaussi.org\/?p=1984\">\n\t\t\t\t\t\tAppel d\u2019Elles aussi aux maires et pr\u00e9sident.e.s d&rsquo;intercommunalit\u00e9s pour plus de femmes dans les nouvelles assembl\u00e9es et leurs ex\u00e9cutifs\t\t\t\t\t<\/a>\n\t\t\t\t<\/h2>\n\t\t\t\t\t\t\t\t\t\t\t\t\t\t\t\t\t\t\t\t\t\t\t\t\t\t\t\t\t\t\t\t\t\t\t\t\t\t\t\t\t\t<p>Nouvelles intercommunalit\u00e9s en janvier 2017 Appel \u00e0 plus de femmes dans les Conseils communautaires L\u2019enqu\u00eate r\u00e9alis\u00e9e en 2015 par Elles aussi, montrait que les femmes \u00e9taient seulement 8 % pr\u00e9sidentes d\u2019un EPCI (Etablissement\u2026<\/p>\n\t\t\t\t\t\t\t\t\t\t\t\t\t\t\t\t\t\t\t\t\t\t                                                            <div class=\"btn-wraper\">\n                                    \n                                                                            <a class=\"elementskit-btn whitespace--normal\" id=\"\" href=\"https:\/\/www.ellesaussi.org\/?p=1984\">\n                                        \t                                            en savoir plus                                        <\/a>\n                                                                    <\/div>\n                                                    <\/div><!-- .elementskit-post-body END -->\n                    <\/div>\n                \n            <\/div>\n                <\/div>\n       <\/div>\t\t<\/div>\n\t\t\t\t<\/div>\n\t\t\t\t\t<\/div>\n\t\t\t\t<\/div>\n\t\t\t\t<\/div>\n\t\t","protected":false},"excerpt":{"rendered":"<p>15D\u00e9c 15 d\u00e9cembre 2017 Tour de France de l\u2019\u00e9galit\u00e9 femmes\/hommes \u00e0 Colmar, Femmes d\u2019Alsace vous invite. en savoir plus 11D\u00e9c 11 d\u00e9cembre 2017 Tour de France de l\u2019\u00e9galit\u00e9 femmes\/hommes \u00e0 Mulhouse, Femmes d\u2019Alsace vous invite. \u00ab Pas assez d\u2019entraide entre les femmes \u00bb Dans le cadre du tour de France de l\u2019\u00e9galit\u00e9 femmes-hommes, organis\u00e9e par [&hellip;]<\/p>\n","protected":false},"author":1,"featured_media":0,"parent":0,"menu_order":0,"comment_status":"closed","ping_status":"closed","template":"","meta":{"footnotes":""},"class_list":["post-1875","page","type-page","status-publish","hentry"],"yoast_head":"<!-- This site is optimized with the Yoast SEO plugin v22.8 - https:\/\/yoast.com\/wordpress\/plugins\/seo\/ -->\n<title>Perspectives 2020 - Calendrier de notre mobilisation - Elles Aussi<\/title>\n<meta name=\"robots\" content=\"index, follow, max-snippet:-1, max-image-preview:large, max-video-preview:-1\" \/>\n<link rel=\"canonical\" href=\"https:\/\/www.ellesaussi.org\/?page_id=1875\" \/>\n<meta property=\"og:locale\" content=\"fr_FR\" \/>\n<meta property=\"og:type\" content=\"article\" \/>\n<meta property=\"og:title\" content=\"Perspectives 2020 - Calendrier de notre mobilisation - Elles Aussi\" \/>\n<meta property=\"og:description\" content=\"15D\u00e9c 15 d\u00e9cembre 2017 Tour de France de l\u2019\u00e9galit\u00e9 femmes\/hommes \u00e0 Colmar, Femmes d\u2019Alsace vous invite. en savoir plus 11D\u00e9c 11 d\u00e9cembre 2017 Tour de France de l\u2019\u00e9galit\u00e9 femmes\/hommes \u00e0 Mulhouse, Femmes d\u2019Alsace vous invite. \u00ab Pas assez d\u2019entraide entre les femmes \u00bb Dans le cadre du tour de France de l\u2019\u00e9galit\u00e9 femmes-hommes, organis\u00e9e par [&hellip;]\" \/>\n<meta property=\"og:url\" content=\"https:\/\/www.ellesaussi.org\/?page_id=1875\" \/>\n<meta property=\"og:site_name\" content=\"Elles Aussi\" \/>\n<meta property=\"article:publisher\" content=\"https:\/\/www.facebook.com\/ellesaussi\/\" \/>\n<meta property=\"article:modified_time\" content=\"2024-12-20T10:29:04+00:00\" \/>\n<meta property=\"og:image\" content=\"https:\/\/www.ellesaussi.org\/wp-content\/uploads\/2024\/11\/FA-Tour-Colmar-France-egal-152.jpg\" \/>\n<meta name=\"twitter:card\" content=\"summary_large_image\" \/>\n<meta name=\"twitter:label1\" content=\"Dur\u00e9e de lecture estim\u00e9e\" \/>\n\t<meta name=\"twitter:data1\" content=\"4 minutes\" \/>\n<script type=\"application\/ld+json\" class=\"yoast-schema-graph\">{\"@context\":\"https:\/\/schema.org\",\"@graph\":[{\"@type\":\"WebPage\",\"@id\":\"https:\/\/www.ellesaussi.org\/?page_id=1875\",\"url\":\"https:\/\/www.ellesaussi.org\/?page_id=1875\",\"name\":\"Perspectives 2020 - Calendrier de notre mobilisation - Elles Aussi\",\"isPartOf\":{\"@id\":\"https:\/\/www.ellesaussi.org\/#website\"},\"primaryImageOfPage\":{\"@id\":\"https:\/\/www.ellesaussi.org\/?page_id=1875#primaryimage\"},\"image\":{\"@id\":\"https:\/\/www.ellesaussi.org\/?page_id=1875#primaryimage\"},\"thumbnailUrl\":\"https:\/\/www.ellesaussi.org\/wp-content\/uploads\/2024\/11\/FA-Tour-Colmar-France-egal-152.jpg\",\"datePublished\":\"2024-11-08T10:15:21+00:00\",\"dateModified\":\"2024-12-20T10:29:04+00:00\",\"breadcrumb\":{\"@id\":\"https:\/\/www.ellesaussi.org\/?page_id=1875#breadcrumb\"},\"inLanguage\":\"fr-FR\",\"potentialAction\":[{\"@type\":\"ReadAction\",\"target\":[\"https:\/\/www.ellesaussi.org\/?page_id=1875\"]}]},{\"@type\":\"ImageObject\",\"inLanguage\":\"fr-FR\",\"@id\":\"https:\/\/www.ellesaussi.org\/?page_id=1875#primaryimage\",\"url\":\"https:\/\/www.ellesaussi.org\/wp-content\/uploads\/2024\/11\/FA-Tour-Colmar-France-egal-152.jpg\",\"contentUrl\":\"https:\/\/www.ellesaussi.org\/wp-content\/uploads\/2024\/11\/FA-Tour-Colmar-France-egal-152.jpg\",\"width\":293,\"height\":105},{\"@type\":\"BreadcrumbList\",\"@id\":\"https:\/\/www.ellesaussi.org\/?page_id=1875#breadcrumb\",\"itemListElement\":[{\"@type\":\"ListItem\",\"position\":1,\"name\":\"Accueil\",\"item\":\"https:\/\/www.ellesaussi.org\/\"},{\"@type\":\"ListItem\",\"position\":2,\"name\":\"Perspectives 2020 &#8211; Calendrier de notre mobilisation\"}]},{\"@type\":\"WebSite\",\"@id\":\"https:\/\/www.ellesaussi.org\/#website\",\"url\":\"https:\/\/www.ellesaussi.org\/\",\"name\":\"Elles Aussi\",\"description\":\"\",\"publisher\":{\"@id\":\"https:\/\/www.ellesaussi.org\/#organization\"},\"potentialAction\":[{\"@type\":\"SearchAction\",\"target\":{\"@type\":\"EntryPoint\",\"urlTemplate\":\"https:\/\/www.ellesaussi.org\/?s={search_term_string}\"},\"query-input\":\"required name=search_term_string\"}],\"inLanguage\":\"fr-FR\"},{\"@type\":\"Organization\",\"@id\":\"https:\/\/www.ellesaussi.org\/#organization\",\"name\":\"Elles Aussi\",\"url\":\"https:\/\/www.ellesaussi.org\/\",\"logo\":{\"@type\":\"ImageObject\",\"inLanguage\":\"fr-FR\",\"@id\":\"https:\/\/www.ellesaussi.org\/#\/schema\/logo\/image\/\",\"url\":\"https:\/\/www.ellesaussi.org\/wp-content\/uploads\/2024\/05\/Elles-aussi_logotype_rouge.png\",\"contentUrl\":\"https:\/\/www.ellesaussi.org\/wp-content\/uploads\/2024\/05\/Elles-aussi_logotype_rouge.png\",\"width\":3472,\"height\":2480,\"caption\":\"Elles Aussi\"},\"image\":{\"@id\":\"https:\/\/www.ellesaussi.org\/#\/schema\/logo\/image\/\"},\"sameAs\":[\"https:\/\/www.facebook.com\/ellesaussi\/\"]}]}<\/script>\n<!-- \/ Yoast SEO plugin. -->","yoast_head_json":{"title":"Perspectives 2020 - Calendrier de notre mobilisation - Elles Aussi","robots":{"index":"index","follow":"follow","max-snippet":"max-snippet:-1","max-image-preview":"max-image-preview:large","max-video-preview":"max-video-preview:-1"},"canonical":"https:\/\/www.ellesaussi.org\/?page_id=1875","og_locale":"fr_FR","og_type":"article","og_title":"Perspectives 2020 - Calendrier de notre mobilisation - Elles Aussi","og_description":"15D\u00e9c 15 d\u00e9cembre 2017 Tour de France de l\u2019\u00e9galit\u00e9 femmes\/hommes \u00e0 Colmar, Femmes d\u2019Alsace vous invite. en savoir plus 11D\u00e9c 11 d\u00e9cembre 2017 Tour de France de l\u2019\u00e9galit\u00e9 femmes\/hommes \u00e0 Mulhouse, Femmes d\u2019Alsace vous invite. \u00ab Pas assez d\u2019entraide entre les femmes \u00bb Dans le cadre du tour de France de l\u2019\u00e9galit\u00e9 femmes-hommes, organis\u00e9e par [&hellip;]","og_url":"https:\/\/www.ellesaussi.org\/?page_id=1875","og_site_name":"Elles Aussi","article_publisher":"https:\/\/www.facebook.com\/ellesaussi\/","article_modified_time":"2024-12-20T10:29:04+00:00","og_image":[{"url":"https:\/\/www.ellesaussi.org\/wp-content\/uploads\/2024\/11\/FA-Tour-Colmar-France-egal-152.jpg"}],"twitter_card":"summary_large_image","twitter_misc":{"Dur\u00e9e de lecture estim\u00e9e":"4 minutes"},"schema":{"@context":"https:\/\/schema.org","@graph":[{"@type":"WebPage","@id":"https:\/\/www.ellesaussi.org\/?page_id=1875","url":"https:\/\/www.ellesaussi.org\/?page_id=1875","name":"Perspectives 2020 - Calendrier de notre mobilisation - Elles Aussi","isPartOf":{"@id":"https:\/\/www.ellesaussi.org\/#website"},"primaryImageOfPage":{"@id":"https:\/\/www.ellesaussi.org\/?page_id=1875#primaryimage"},"image":{"@id":"https:\/\/www.ellesaussi.org\/?page_id=1875#primaryimage"},"thumbnailUrl":"https:\/\/www.ellesaussi.org\/wp-content\/uploads\/2024\/11\/FA-Tour-Colmar-France-egal-152.jpg","datePublished":"2024-11-08T10:15:21+00:00","dateModified":"2024-12-20T10:29:04+00:00","breadcrumb":{"@id":"https:\/\/www.ellesaussi.org\/?page_id=1875#breadcrumb"},"inLanguage":"fr-FR","potentialAction":[{"@type":"ReadAction","target":["https:\/\/www.ellesaussi.org\/?page_id=1875"]}]},{"@type":"ImageObject","inLanguage":"fr-FR","@id":"https:\/\/www.ellesaussi.org\/?page_id=1875#primaryimage","url":"https:\/\/www.ellesaussi.org\/wp-content\/uploads\/2024\/11\/FA-Tour-Colmar-France-egal-152.jpg","contentUrl":"https:\/\/www.ellesaussi.org\/wp-content\/uploads\/2024\/11\/FA-Tour-Colmar-France-egal-152.jpg","width":293,"height":105},{"@type":"BreadcrumbList","@id":"https:\/\/www.ellesaussi.org\/?page_id=1875#breadcrumb","itemListElement":[{"@type":"ListItem","position":1,"name":"Accueil","item":"https:\/\/www.ellesaussi.org\/"},{"@type":"ListItem","position":2,"name":"Perspectives 2020 &#8211; Calendrier de notre mobilisation"}]},{"@type":"WebSite","@id":"https:\/\/www.ellesaussi.org\/#website","url":"https:\/\/www.ellesaussi.org\/","name":"Elles Aussi","description":"","publisher":{"@id":"https:\/\/www.ellesaussi.org\/#organization"},"potentialAction":[{"@type":"SearchAction","target":{"@type":"EntryPoint","urlTemplate":"https:\/\/www.ellesaussi.org\/?s={search_term_string}"},"query-input":"required name=search_term_string"}],"inLanguage":"fr-FR"},{"@type":"Organization","@id":"https:\/\/www.ellesaussi.org\/#organization","name":"Elles Aussi","url":"https:\/\/www.ellesaussi.org\/","logo":{"@type":"ImageObject","inLanguage":"fr-FR","@id":"https:\/\/www.ellesaussi.org\/#\/schema\/logo\/image\/","url":"https:\/\/www.ellesaussi.org\/wp-content\/uploads\/2024\/05\/Elles-aussi_logotype_rouge.png","contentUrl":"https:\/\/www.ellesaussi.org\/wp-content\/uploads\/2024\/05\/Elles-aussi_logotype_rouge.png","width":3472,"height":2480,"caption":"Elles Aussi"},"image":{"@id":"https:\/\/www.ellesaussi.org\/#\/schema\/logo\/image\/"},"sameAs":["https:\/\/www.facebook.com\/ellesaussi\/"]}]}},"_links":{"self":[{"href":"https:\/\/www.ellesaussi.org\/index.php?rest_route=\/wp\/v2\/pages\/1875","targetHints":{"allow":["GET"]}}],"collection":[{"href":"https:\/\/www.ellesaussi.org\/index.php?rest_route=\/wp\/v2\/pages"}],"about":[{"href":"https:\/\/www.ellesaussi.org\/index.php?rest_route=\/wp\/v2\/types\/page"}],"author":[{"embeddable":true,"href":"https:\/\/www.ellesaussi.org\/index.php?rest_route=\/wp\/v2\/users\/1"}],"replies":[{"embeddable":true,"href":"https:\/\/www.ellesaussi.org\/index.php?rest_route=%2Fwp%2Fv2%2Fcomments&post=1875"}],"version-history":[{"count":7,"href":"https:\/\/www.ellesaussi.org\/index.php?rest_route=\/wp\/v2\/pages\/1875\/revisions"}],"predecessor-version":[{"id":3124,"href":"https:\/\/www.ellesaussi.org\/index.php?rest_route=\/wp\/v2\/pages\/1875\/revisions\/3124"}],"wp:attachment":[{"href":"https:\/\/www.ellesaussi.org\/index.php?rest_route=%2Fwp%2Fv2%2Fmedia&parent=1875"}],"curies":[{"name":"wp","href":"https:\/\/api.w.org\/{rel}","templated":true}]}}