{"id":1852,"date":"2024-11-08T11:05:23","date_gmt":"2024-11-08T10:05:23","guid":{"rendered":"https:\/\/elles129186.webdb78.lwspanel.com\/?page_id=1852"},"modified":"2024-12-20T11:30:27","modified_gmt":"2024-12-20T10:30:27","slug":"perspectives-2020-presse","status":"publish","type":"page","link":"https:\/\/www.ellesaussi.org\/?page_id=1852","title":{"rendered":"Perspectives 2020 &#8211; Presse"},"content":{"rendered":"\t\t<div data-elementor-type=\"wp-page\" data-elementor-id=\"1852\" class=\"elementor elementor-1852\" data-elementor-post-type=\"page\">\n\t\t\t\t<div class=\"elementor-element elementor-element-6438da27 e-flex e-con-boxed e-con e-parent\" data-id=\"6438da27\" data-element_type=\"container\">\n\t\t\t\t\t<div class=\"e-con-inner\">\n\t\t\t\t<div class=\"elementor-element elementor-element-42a3de42 elementor-widget elementor-widget-elementskit-blog-posts\" data-id=\"42a3de42\" data-element_type=\"widget\" data-widget_type=\"elementskit-blog-posts.default\">\n\t\t\t\t<div class=\"elementor-widget-container\">\n\t\t\t<div class=\"ekit-wid-con\" >        <div id=\"post-items--42a3de42\" class=\"row post-items\" data-masonry-config=\"true\">\n                    <div class=\"col-lg-4 col-md-6\">\n\n                                    <div class=\"elementskit-post-image-card\">\n                        <div class=\"elementskit-entry-header\">\n                                                            <a href=\"https:\/\/www.ellesaussi.org\/?p=1932\" class=\"elementskit-entry-thumb\">\n                                    <img decoding=\"async\" src=\"https:\/\/www.ellesaussi.org\/wp-content\/uploads\/2024\/10\/appel-du-18-juin-2024-Elles-aussi.jpg\" alt=\"Article dans la\u00a0Manche Libre\">\n                                <\/a><!-- .elementskit-entry-thumb END -->\n                                                                                                    <div class=\"elementskit-meta-lists elementskit-style-tag\">\n                                        <div class=\"elementskit-single-meta triangle_left\"><span class=\"elementskit-meta-wraper\"><strong>26<\/strong>Nov<\/span><\/div>\n                                    <\/div>\n                                                                                            \n                            \n\t\t\t\t\t\t\t\t\t\t\t\t\t<\/div><!-- .elementskit-entry-header END -->\n\n\t\t\t\t\t\t<div class=\"elementskit-post-body \">\n\t\t\t\t\t\t\t\n\t\t\t\t\t\t\t\t\t\t\t\t\t\t\t\t\t\t\t\t\t\t\t\t\t\t\t\t<div class=\"post-meta-list\">\n\t\t\t\t\t\t\t\t\t\t\t\t\t\t\t\t\t\t\t\t\t\t\t\t\t\t\t\t\t\t\t\t<span class=\"meta-date\">\n\n\t\t\t\t\t\t\t\t\t\t<i aria-hidden=\"true\" class=\"icon icon-calendar3\"><\/i>\n\t\t\t\t\t\t\t\t\t\t<span class=\"meta-date-text\">\n\t\t\t\t\t\t\t\t\t\t\t26 novembre 2016\t\t\t\t\t\t\t\t\t\t<\/span>\n\t\t\t\t\t\t\t\t\t<\/span>\n\t\t\t\t\t\t\t\t\t\t\t\t\t\t\t\t\t\t\t\t\t\t\t\t\t\t\t\t\t\t\t\t\t\t\t\t\t<\/div>\n\t\t\t\t\t\t\t\t\t\t\t\t\t\n\t\t\t\t\t\t\t\t\n\t\t\t\t\t\t\t\t\t\t\t\t\t\t\t\t\t\t\t\t\t<h2 class=\"entry-title\">\n\t\t\t\t\t<a href=\"https:\/\/www.ellesaussi.org\/?p=1932\">\n\t\t\t\t\t\tArticle dans la\u00a0Manche Libre\t\t\t\t\t<\/a>\n\t\t\t\t<\/h2>\n\t\t\t\t\t\t\t\t\t\t\t\t\t\t\t\t\t\t\t\t\t\t\t\t\t\t\t\t\t\t\t\t\t\t\t\t\t\t\t\t\t\t<p><\/p>\n\t\t\t\t\t\t\t\t\t\t\t\t\t\t\t\t\t\t\t\t\t\t                                                            <div class=\"btn-wraper\">\n                                    \n                                                                            <a class=\"elementskit-btn whitespace--normal\" id=\"\" href=\"https:\/\/www.ellesaussi.org\/?p=1932\">\n                                        \t                                            en savoir plus                                        <\/a>\n                                                                    <\/div>\n                                                    <\/div><!-- .elementskit-post-body END -->\n                    <\/div>\n                \n            <\/div>\n                    <div class=\"col-lg-4 col-md-6\">\n\n                                    <div class=\"elementskit-post-image-card\">\n                        <div class=\"elementskit-entry-header\">\n                                                            <a href=\"https:\/\/www.ellesaussi.org\/?p=1925\" class=\"elementskit-entry-thumb\">\n                                    <img decoding=\"async\" src=\"https:\/\/www.ellesaussi.org\/wp-content\/uploads\/2024\/10\/appel-du-18-juin-2024-Elles-aussi.jpg\" alt=\"Articles dans Ouest-France\u00a0et la\u00a0Presse de la Manche\">\n                                <\/a><!-- .elementskit-entry-thumb END -->\n                                                                                                    <div class=\"elementskit-meta-lists elementskit-style-tag\">\n                                        <div class=\"elementskit-single-meta triangle_left\"><span class=\"elementskit-meta-wraper\"><strong>20<\/strong>Nov<\/span><\/div>\n                                    <\/div>\n                                                                                            \n                            \n\t\t\t\t\t\t\t\t\t\t\t\t\t<\/div><!-- .elementskit-entry-header END -->\n\n\t\t\t\t\t\t<div class=\"elementskit-post-body \">\n\t\t\t\t\t\t\t\n\t\t\t\t\t\t\t\t\t\t\t\t\t\t\t\t\t\t\t\t\t\t\t\t\t\t\t\t<div class=\"post-meta-list\">\n\t\t\t\t\t\t\t\t\t\t\t\t\t\t\t\t\t\t\t\t\t\t\t\t\t\t\t\t\t\t\t\t<span class=\"meta-date\">\n\n\t\t\t\t\t\t\t\t\t\t<i aria-hidden=\"true\" class=\"icon icon-calendar3\"><\/i>\n\t\t\t\t\t\t\t\t\t\t<span class=\"meta-date-text\">\n\t\t\t\t\t\t\t\t\t\t\t20 novembre 2016\t\t\t\t\t\t\t\t\t\t<\/span>\n\t\t\t\t\t\t\t\t\t<\/span>\n\t\t\t\t\t\t\t\t\t\t\t\t\t\t\t\t\t\t\t\t\t\t\t\t\t\t\t\t\t\t\t\t\t\t\t\t\t<\/div>\n\t\t\t\t\t\t\t\t\t\t\t\t\t\n\t\t\t\t\t\t\t\t\n\t\t\t\t\t\t\t\t\t\t\t\t\t\t\t\t\t\t\t\t\t<h2 class=\"entry-title\">\n\t\t\t\t\t<a href=\"https:\/\/www.ellesaussi.org\/?p=1925\">\n\t\t\t\t\t\tArticles dans Ouest-France\u00a0et la\u00a0Presse de la Manche\t\t\t\t\t<\/a>\n\t\t\t\t<\/h2>\n\t\t\t\t\t\t\t\t\t\t\t\t\t\t\t\t\t\t\t\t\t\t\t\t\t\t\t\t\t\t\t\t\t\t\t\t\t\t\t\t\t\t<p><\/p>\n\t\t\t\t\t\t\t\t\t\t\t\t\t\t\t\t\t\t\t\t\t\t                                                            <div class=\"btn-wraper\">\n                                    \n                                                                            <a class=\"elementskit-btn whitespace--normal\" id=\"\" href=\"https:\/\/www.ellesaussi.org\/?p=1925\">\n                                        \t                                            en savoir plus                                        <\/a>\n                                                                    <\/div>\n                                                    <\/div><!-- .elementskit-post-body END -->\n                    <\/div>\n                \n            <\/div>\n                    <div class=\"col-lg-4 col-md-6\">\n\n                                    <div class=\"elementskit-post-image-card\">\n                        <div class=\"elementskit-entry-header\">\n                                                            <a href=\"https:\/\/www.ellesaussi.org\/?p=1918\" class=\"elementskit-entry-thumb\">\n                                    <img decoding=\"async\" src=\"https:\/\/www.ellesaussi.org\/wp-content\/uploads\/2024\/10\/appel-du-18-juin-2024-Elles-aussi.jpg\" alt=\"Conf\u00e9rence de presse, les Femmes \u00e9lues de la Manche tirent la sonnette d\u2019alarme pour les EPCI\">\n                                <\/a><!-- .elementskit-entry-thumb END -->\n                                                                                                    <div class=\"elementskit-meta-lists elementskit-style-tag\">\n                                        <div class=\"elementskit-single-meta triangle_left\"><span class=\"elementskit-meta-wraper\"><strong>18<\/strong>Nov<\/span><\/div>\n                                    <\/div>\n                                                                                            \n                            \n\t\t\t\t\t\t\t\t\t\t\t\t\t<\/div><!-- .elementskit-entry-header END -->\n\n\t\t\t\t\t\t<div class=\"elementskit-post-body \">\n\t\t\t\t\t\t\t\n\t\t\t\t\t\t\t\t\t\t\t\t\t\t\t\t\t\t\t\t\t\t\t\t\t\t\t\t<div class=\"post-meta-list\">\n\t\t\t\t\t\t\t\t\t\t\t\t\t\t\t\t\t\t\t\t\t\t\t\t\t\t\t\t\t\t\t\t<span class=\"meta-date\">\n\n\t\t\t\t\t\t\t\t\t\t<i aria-hidden=\"true\" class=\"icon icon-calendar3\"><\/i>\n\t\t\t\t\t\t\t\t\t\t<span class=\"meta-date-text\">\n\t\t\t\t\t\t\t\t\t\t\t18 novembre 2016\t\t\t\t\t\t\t\t\t\t<\/span>\n\t\t\t\t\t\t\t\t\t<\/span>\n\t\t\t\t\t\t\t\t\t\t\t\t\t\t\t\t\t\t\t\t\t\t\t\t\t\t\t\t\t\t\t\t\t\t\t\t\t<\/div>\n\t\t\t\t\t\t\t\t\t\t\t\t\t\n\t\t\t\t\t\t\t\t\n\t\t\t\t\t\t\t\t\t\t\t\t\t\t\t\t\t\t\t\t\t<h2 class=\"entry-title\">\n\t\t\t\t\t<a href=\"https:\/\/www.ellesaussi.org\/?p=1918\">\n\t\t\t\t\t\tConf\u00e9rence de presse, les Femmes \u00e9lues de la Manche tirent la sonnette d\u2019alarme pour les EPCI\t\t\t\t\t<\/a>\n\t\t\t\t<\/h2>\n\t\t\t\t\t\t\t\t\t\t\t\t\t\t\t\t\t\t\t\t\t\t\t\t\t\t\t\t\t\t\t\t\t\t\t\t\t\t\t\t\t\t<p><\/p>\n\t\t\t\t\t\t\t\t\t\t\t\t\t\t\t\t\t\t\t\t\t\t                                                            <div class=\"btn-wraper\">\n                                    \n                                                                            <a class=\"elementskit-btn whitespace--normal\" id=\"\" href=\"https:\/\/www.ellesaussi.org\/?p=1918\">\n                                        \t                                            en savoir plus                                        <\/a>\n                                                                    <\/div>\n                                                    <\/div><!-- .elementskit-post-body END -->\n                    <\/div>\n                \n            <\/div>\n                    <div class=\"col-lg-4 col-md-6\">\n\n                                    <div class=\"elementskit-post-image-card\">\n                        <div class=\"elementskit-entry-header\">\n                                                            <a href=\"https:\/\/www.ellesaussi.org\/?p=1912\" class=\"elementskit-entry-thumb\">\n                                    <img decoding=\"async\" src=\"https:\/\/www.ellesaussi.org\/wp-content\/uploads\/2024\/11\/locatis.jpg\" alt=\"Les femmes peinent \u00e0 entrer dans les conseils communautaires\">\n                                <\/a><!-- .elementskit-entry-thumb END -->\n                                                                                                    <div class=\"elementskit-meta-lists elementskit-style-tag\">\n                                        <div class=\"elementskit-single-meta triangle_left\"><span class=\"elementskit-meta-wraper\"><strong>30<\/strong>Mar<\/span><\/div>\n                                    <\/div>\n                                                                                            \n                            \n\t\t\t\t\t\t\t\t\t\t\t\t\t<\/div><!-- .elementskit-entry-header END -->\n\n\t\t\t\t\t\t<div class=\"elementskit-post-body \">\n\t\t\t\t\t\t\t\n\t\t\t\t\t\t\t\t\t\t\t\t\t\t\t\t\t\t\t\t\t\t\t\t\t\t\t\t<div class=\"post-meta-list\">\n\t\t\t\t\t\t\t\t\t\t\t\t\t\t\t\t\t\t\t\t\t\t\t\t\t\t\t\t\t\t\t\t<span class=\"meta-date\">\n\n\t\t\t\t\t\t\t\t\t\t<i aria-hidden=\"true\" class=\"icon icon-calendar3\"><\/i>\n\t\t\t\t\t\t\t\t\t\t<span class=\"meta-date-text\">\n\t\t\t\t\t\t\t\t\t\t\t30 mars 2016\t\t\t\t\t\t\t\t\t\t<\/span>\n\t\t\t\t\t\t\t\t\t<\/span>\n\t\t\t\t\t\t\t\t\t\t\t\t\t\t\t\t\t\t\t\t\t\t\t\t\t\t\t\t\t\t\t\t\t\t\t\t\t<\/div>\n\t\t\t\t\t\t\t\t\t\t\t\t\t\n\t\t\t\t\t\t\t\t\n\t\t\t\t\t\t\t\t\t\t\t\t\t\t\t\t\t\t\t\t\t<h2 class=\"entry-title\">\n\t\t\t\t\t<a href=\"https:\/\/www.ellesaussi.org\/?p=1912\">\n\t\t\t\t\t\tLes femmes peinent \u00e0 entrer dans les conseils communautaires\t\t\t\t\t<\/a>\n\t\t\t\t<\/h2>\n\t\t\t\t\t\t\t\t\t\t\t\t\t\t\t\t\t\t\t\t\t\t\t\t\t\t\t\t\t\t\t\t\t\t\t\t\t\t\t\t\t\t<p>Moins d&rsquo;un tiers des conseillers communautaires d\u00e9sign\u00e9s en 2014 sont des femmes et seules 8% d&rsquo;entre elles pr\u00e9sident des communaut\u00e9s, r\u00e9v\u00e8le une enqu\u00eate de l&rsquo;association Elles aussi. Alors que ce d\u00e9s\u00e9quilibre risque de\u2026<\/p>\n\t\t\t\t\t\t\t\t\t\t\t\t\t\t\t\t\t\t\t\t\t\t                                                            <div class=\"btn-wraper\">\n                                    \n                                                                            <a class=\"elementskit-btn whitespace--normal\" id=\"\" href=\"https:\/\/www.ellesaussi.org\/?p=1912\">\n                                        \t                                            en savoir plus                                        <\/a>\n                                                                    <\/div>\n                                                    <\/div><!-- .elementskit-post-body END -->\n                    <\/div>\n                \n            <\/div>\n                    <div class=\"col-lg-4 col-md-6\">\n\n                                    <div class=\"elementskit-post-image-card\">\n                        <div class=\"elementskit-entry-header\">\n                                                            <a href=\"https:\/\/www.ellesaussi.org\/?p=1905\" class=\"elementskit-entry-thumb\">\n                                    <img decoding=\"async\" src=\"https:\/\/www.ellesaussi.org\/wp-content\/uploads\/2024\/11\/lesnn.jpg\" alt=\"Intercommunalit\u00e9s : les zones d\u2019ombres de la parit\u00e9\">\n                                <\/a><!-- .elementskit-entry-thumb END -->\n                                                                                                    <div class=\"elementskit-meta-lists elementskit-style-tag\">\n                                        <div class=\"elementskit-single-meta triangle_left\"><span class=\"elementskit-meta-wraper\"><strong>29<\/strong>Mar<\/span><\/div>\n                                    <\/div>\n                                                                                            \n                            \n\t\t\t\t\t\t\t\t\t\t\t\t\t<\/div><!-- .elementskit-entry-header END -->\n\n\t\t\t\t\t\t<div class=\"elementskit-post-body \">\n\t\t\t\t\t\t\t\n\t\t\t\t\t\t\t\t\t\t\t\t\t\t\t\t\t\t\t\t\t\t\t\t\t\t\t\t<div class=\"post-meta-list\">\n\t\t\t\t\t\t\t\t\t\t\t\t\t\t\t\t\t\t\t\t\t\t\t\t\t\t\t\t\t\t\t\t<span class=\"meta-date\">\n\n\t\t\t\t\t\t\t\t\t\t<i aria-hidden=\"true\" class=\"icon icon-calendar3\"><\/i>\n\t\t\t\t\t\t\t\t\t\t<span class=\"meta-date-text\">\n\t\t\t\t\t\t\t\t\t\t\t29 mars 2016\t\t\t\t\t\t\t\t\t\t<\/span>\n\t\t\t\t\t\t\t\t\t<\/span>\n\t\t\t\t\t\t\t\t\t\t\t\t\t\t\t\t\t\t\t\t\t\t\t\t\t\t\t\t\t\t\t\t\t\t\t\t\t<\/div>\n\t\t\t\t\t\t\t\t\t\t\t\t\t\n\t\t\t\t\t\t\t\t\n\t\t\t\t\t\t\t\t\t\t\t\t\t\t\t\t\t\t\t\t\t<h2 class=\"entry-title\">\n\t\t\t\t\t<a href=\"https:\/\/www.ellesaussi.org\/?p=1905\">\n\t\t\t\t\t\tIntercommunalit\u00e9s : les zones d\u2019ombres de la parit\u00e9\t\t\t\t\t<\/a>\n\t\t\t\t<\/h2>\n\t\t\t\t\t\t\t\t\t\t\t\t\t\t\t\t\t\t\t\t\t\t\t\t\t\t\t\t\t\t\t\t\t\t\t\t\t\t\t\t\t\t<p>Dans les intercommunalit\u00e9s, les femmes repr\u00e9sentent un peu plus de 30% des \u00e9lus, et moins de 20% des membres des ex\u00e9cutifs. Et sans une nouvelle loi, pas de progr\u00e8s possible, alerte l\u2019association Elles\u2026<\/p>\n\t\t\t\t\t\t\t\t\t\t\t\t\t\t\t\t\t\t\t\t\t\t                                                            <div class=\"btn-wraper\">\n                                    \n                                                                            <a class=\"elementskit-btn whitespace--normal\" id=\"\" href=\"https:\/\/www.ellesaussi.org\/?p=1905\">\n                                        \t                                            en savoir plus                                        <\/a>\n                                                                    <\/div>\n                                                    <\/div><!-- .elementskit-post-body END -->\n                    <\/div>\n                \n            <\/div>\n                    <div class=\"col-lg-4 col-md-6\">\n\n                                    <div class=\"elementskit-post-image-card\">\n                        <div class=\"elementskit-entry-header\">\n                                                            <a href=\"https:\/\/www.ellesaussi.org\/?p=1899\" class=\"elementskit-entry-thumb\">\n                                    <img decoding=\"async\" src=\"https:\/\/www.ellesaussi.org\/wp-content\/uploads\/2024\/11\/logo_adcf_0.jpg\" alt=\"Etat de la parit\u00e9 dans les intercommunalit\u00e9s \u00e0 l\u2019aube des recompositions\">\n                                <\/a><!-- .elementskit-entry-thumb END -->\n                                                                                                    <div class=\"elementskit-meta-lists elementskit-style-tag\">\n                                        <div class=\"elementskit-single-meta triangle_left\"><span class=\"elementskit-meta-wraper\"><strong>25<\/strong>Mar<\/span><\/div>\n                                    <\/div>\n                                                                                            \n                            \n\t\t\t\t\t\t\t\t\t\t\t\t\t<\/div><!-- .elementskit-entry-header END -->\n\n\t\t\t\t\t\t<div class=\"elementskit-post-body \">\n\t\t\t\t\t\t\t\n\t\t\t\t\t\t\t\t\t\t\t\t\t\t\t\t\t\t\t\t\t\t\t\t\t\t\t\t<div class=\"post-meta-list\">\n\t\t\t\t\t\t\t\t\t\t\t\t\t\t\t\t\t\t\t\t\t\t\t\t\t\t\t\t\t\t\t\t<span class=\"meta-date\">\n\n\t\t\t\t\t\t\t\t\t\t<i aria-hidden=\"true\" class=\"icon icon-calendar3\"><\/i>\n\t\t\t\t\t\t\t\t\t\t<span class=\"meta-date-text\">\n\t\t\t\t\t\t\t\t\t\t\t25 mars 2016\t\t\t\t\t\t\t\t\t\t<\/span>\n\t\t\t\t\t\t\t\t\t<\/span>\n\t\t\t\t\t\t\t\t\t\t\t\t\t\t\t\t\t\t\t\t\t\t\t\t\t\t\t\t\t\t\t\t\t\t\t\t\t<\/div>\n\t\t\t\t\t\t\t\t\t\t\t\t\t\n\t\t\t\t\t\t\t\t\n\t\t\t\t\t\t\t\t\t\t\t\t\t\t\t\t\t\t\t\t\t<h2 class=\"entry-title\">\n\t\t\t\t\t<a href=\"https:\/\/www.ellesaussi.org\/?p=1899\">\n\t\t\t\t\t\tEtat de la parit\u00e9 dans les intercommunalit\u00e9s \u00e0 l\u2019aube des recompositions\t\t\t\t\t<\/a>\n\t\t\t\t<\/h2>\n\t\t\t\t\t\t\t\t\t\t\t\t\t\t\t\t\t\t\t\t\t\t\t\t\t\t\t\t\t\t\t\t\t\t\t\t\t\t\t\t\t\t<p>A l\u2019occasion d\u2019un colloque organis\u00e9 par le r\u00e9seau Elles aussi, auquel l\u2019AdCF \u00e9tait associ\u00e9e, ont \u00e9t\u00e9 pr\u00e9sent\u00e9s les r\u00e9sultats d\u2019une enqu\u00eate men\u00e9e sur la parit\u00e9 en 2015 dans les intercommunalit\u00e9s. Destin\u00e9e notamment \u00e0\u2026<\/p>\n\t\t\t\t\t\t\t\t\t\t\t\t\t\t\t\t\t\t\t\t\t\t                                                            <div class=\"btn-wraper\">\n                                    \n                                                                            <a class=\"elementskit-btn whitespace--normal\" id=\"\" href=\"https:\/\/www.ellesaussi.org\/?p=1899\">\n                                        \t                                            en savoir plus                                        <\/a>\n                                                                    <\/div>\n                                                    <\/div><!-- .elementskit-post-body END -->\n                    <\/div>\n                \n            <\/div>\n                    <div class=\"col-lg-4 col-md-6\">\n\n                                    <div class=\"elementskit-post-image-card\">\n                        <div class=\"elementskit-entry-header\">\n                                                            <a href=\"https:\/\/www.ellesaussi.org\/?p=1888\" class=\"elementskit-entry-thumb\">\n                                    <img decoding=\"async\" src=\"https:\/\/www.ellesaussi.org\/wp-content\/uploads\/2024\/10\/appel-du-18-juin-2024-Elles-aussi.jpg\" alt=\"Parit\u00e9 : la f\u00e9minisation des ex\u00e9cutifs intercommunaux reste faible\">\n                                <\/a><!-- .elementskit-entry-thumb END -->\n                                                                                                    <div class=\"elementskit-meta-lists elementskit-style-tag\">\n                                        <div class=\"elementskit-single-meta triangle_left\"><span class=\"elementskit-meta-wraper\"><strong>25<\/strong>Mar<\/span><\/div>\n                                    <\/div>\n                                                                                            \n                            \n\t\t\t\t\t\t\t\t\t\t\t\t\t<\/div><!-- .elementskit-entry-header END -->\n\n\t\t\t\t\t\t<div class=\"elementskit-post-body \">\n\t\t\t\t\t\t\t\n\t\t\t\t\t\t\t\t\t\t\t\t\t\t\t\t\t\t\t\t\t\t\t\t\t\t\t\t<div class=\"post-meta-list\">\n\t\t\t\t\t\t\t\t\t\t\t\t\t\t\t\t\t\t\t\t\t\t\t\t\t\t\t\t\t\t\t\t<span class=\"meta-date\">\n\n\t\t\t\t\t\t\t\t\t\t<i aria-hidden=\"true\" class=\"icon icon-calendar3\"><\/i>\n\t\t\t\t\t\t\t\t\t\t<span class=\"meta-date-text\">\n\t\t\t\t\t\t\t\t\t\t\t25 mars 2016\t\t\t\t\t\t\t\t\t\t<\/span>\n\t\t\t\t\t\t\t\t\t<\/span>\n\t\t\t\t\t\t\t\t\t\t\t\t\t\t\t\t\t\t\t\t\t\t\t\t\t\t\t\t\t\t\t\t\t\t\t\t\t<\/div>\n\t\t\t\t\t\t\t\t\t\t\t\t\t\n\t\t\t\t\t\t\t\t\n\t\t\t\t\t\t\t\t\t\t\t\t\t\t\t\t\t\t\t\t\t<h2 class=\"entry-title\">\n\t\t\t\t\t<a href=\"https:\/\/www.ellesaussi.org\/?p=1888\">\n\t\t\t\t\t\tParit\u00e9 : la f\u00e9minisation des ex\u00e9cutifs intercommunaux reste faible\t\t\t\t\t<\/a>\n\t\t\t\t<\/h2>\n\t\t\t\t\t\t\t\t\t\t\t\t\t\t\t\t\t\t\t\t\t\t\t\t\t\t\t\t\t\t\t\t\t\t\t\t\t\t\t\t\t\t<p>Peut mieux faire. C\u2019est l\u2019appr\u00e9ciation de \u00ab Elles aussi \u00bb sur la parit\u00e9 dans les intercommunalit\u00e9s au terme d\u2019une premi\u00e8re enqu\u00eate nationale men\u00e9e en 2015 aupr\u00e8s de 2 127 EPCI. L\u2019association, qui promeut\u2026<\/p>\n\t\t\t\t\t\t\t\t\t\t\t\t\t\t\t\t\t\t\t\t\t\t                                                            <div class=\"btn-wraper\">\n                                    \n                                                                            <a class=\"elementskit-btn whitespace--normal\" id=\"\" href=\"https:\/\/www.ellesaussi.org\/?p=1888\">\n                                        \t                                            en savoir plus                                        <\/a>\n                                                                    <\/div>\n                                                    <\/div><!-- .elementskit-post-body END -->\n                    <\/div>\n                \n            <\/div>\n                    <div class=\"col-lg-4 col-md-6\">\n\n                                    <div class=\"elementskit-post-image-card\">\n                        <div class=\"elementskit-entry-header\">\n                                                            <a href=\"https:\/\/www.ellesaussi.org\/?p=1882\" class=\"elementskit-entry-thumb\">\n                                    <img decoding=\"async\" src=\"https:\/\/www.ellesaussi.org\/wp-content\/uploads\/2024\/11\/25mars2016.jpg\" alt=\"Les intercommunalit\u00e9s, ces mauvais \u00e9l\u00e8vesde la parit\u00e9 politique locale\">\n                                <\/a><!-- .elementskit-entry-thumb END -->\n                                                                                                    <div class=\"elementskit-meta-lists elementskit-style-tag\">\n                                        <div class=\"elementskit-single-meta triangle_left\"><span class=\"elementskit-meta-wraper\"><strong>25<\/strong>Mar<\/span><\/div>\n                                    <\/div>\n                                                                                            \n                            \n\t\t\t\t\t\t\t\t\t\t\t\t\t<\/div><!-- .elementskit-entry-header END -->\n\n\t\t\t\t\t\t<div class=\"elementskit-post-body \">\n\t\t\t\t\t\t\t\n\t\t\t\t\t\t\t\t\t\t\t\t\t\t\t\t\t\t\t\t\t\t\t\t\t\t\t\t<div class=\"post-meta-list\">\n\t\t\t\t\t\t\t\t\t\t\t\t\t\t\t\t\t\t\t\t\t\t\t\t\t\t\t\t\t\t\t\t<span class=\"meta-date\">\n\n\t\t\t\t\t\t\t\t\t\t<i aria-hidden=\"true\" class=\"icon icon-calendar3\"><\/i>\n\t\t\t\t\t\t\t\t\t\t<span class=\"meta-date-text\">\n\t\t\t\t\t\t\t\t\t\t\t25 mars 2016\t\t\t\t\t\t\t\t\t\t<\/span>\n\t\t\t\t\t\t\t\t\t<\/span>\n\t\t\t\t\t\t\t\t\t\t\t\t\t\t\t\t\t\t\t\t\t\t\t\t\t\t\t\t\t\t\t\t\t\t\t\t\t<\/div>\n\t\t\t\t\t\t\t\t\t\t\t\t\t\n\t\t\t\t\t\t\t\t\n\t\t\t\t\t\t\t\t\t\t\t\t\t\t\t\t\t\t\t\t\t<h2 class=\"entry-title\">\n\t\t\t\t\t<a href=\"https:\/\/www.ellesaussi.org\/?p=1882\">\n\t\t\t\t\t\tLes intercommunalit\u00e9s, ces mauvais \u00e9l\u00e8vesde la parit\u00e9 politique locale\t\t\t\t\t<\/a>\n\t\t\t\t<\/h2>\n\t\t\t\t\t\t\t\t\t\t\t\t\t\t\t\t\t\t\t\t\t\t\t\t\t\t\t\t\t\t\t\t\t\t\t\t\t\t\t\t\t\t<p>Une \u00e9tude pr\u00e9sent\u00e9e par l&rsquo;association \u00ab Elles aussi \u00bb, qui se bat pour la parit\u00e9 dans les institutions politiques repr\u00e9sentatives, fait un bilan tr\u00e8s critique de la faible pr\u00e9sence des femmes dans les\u2026<\/p>\n\t\t\t\t\t\t\t\t\t\t\t\t\t\t\t\t\t\t\t\t\t\t                                                            <div class=\"btn-wraper\">\n                                    \n                                                                            <a class=\"elementskit-btn whitespace--normal\" id=\"\" href=\"https:\/\/www.ellesaussi.org\/?p=1882\">\n                                        \t                                            en savoir plus                                        <\/a>\n                                                                    <\/div>\n                                                    <\/div><!-- .elementskit-post-body END -->\n                    <\/div>\n                \n            <\/div>\n                    <div class=\"col-lg-4 col-md-6\">\n\n                                    <div class=\"elementskit-post-image-card\">\n                        <div class=\"elementskit-entry-header\">\n                                                            <a href=\"https:\/\/www.ellesaussi.org\/?p=1846\" class=\"elementskit-entry-thumb\">\n                                    <img decoding=\"async\" src=\"https:\/\/www.ellesaussi.org\/wp-content\/uploads\/2024\/11\/Logo_La-Gazette_300x200.png\" alt=\"Intercos : le maillon faible de la parit\u00e9\">\n                                <\/a><!-- .elementskit-entry-thumb END -->\n                                                                                                    <div class=\"elementskit-meta-lists elementskit-style-tag\">\n                                        <div class=\"elementskit-single-meta triangle_left\"><span class=\"elementskit-meta-wraper\"><strong>24<\/strong>Mar<\/span><\/div>\n                                    <\/div>\n                                                                                            \n                            \n\t\t\t\t\t\t\t\t\t\t\t\t\t<\/div><!-- .elementskit-entry-header END -->\n\n\t\t\t\t\t\t<div class=\"elementskit-post-body \">\n\t\t\t\t\t\t\t\n\t\t\t\t\t\t\t\t\t\t\t\t\t\t\t\t\t\t\t\t\t\t\t\t\t\t\t\t<div class=\"post-meta-list\">\n\t\t\t\t\t\t\t\t\t\t\t\t\t\t\t\t\t\t\t\t\t\t\t\t\t\t\t\t\t\t\t\t<span class=\"meta-date\">\n\n\t\t\t\t\t\t\t\t\t\t<i aria-hidden=\"true\" class=\"icon icon-calendar3\"><\/i>\n\t\t\t\t\t\t\t\t\t\t<span class=\"meta-date-text\">\n\t\t\t\t\t\t\t\t\t\t\t24 mars 2016\t\t\t\t\t\t\t\t\t\t<\/span>\n\t\t\t\t\t\t\t\t\t<\/span>\n\t\t\t\t\t\t\t\t\t\t\t\t\t\t\t\t\t\t\t\t\t\t\t\t\t\t\t\t\t\t\t\t\t\t\t\t\t<\/div>\n\t\t\t\t\t\t\t\t\t\t\t\t\t\n\t\t\t\t\t\t\t\t\n\t\t\t\t\t\t\t\t\t\t\t\t\t\t\t\t\t\t\t\t\t<h2 class=\"entry-title\">\n\t\t\t\t\t<a href=\"https:\/\/www.ellesaussi.org\/?p=1846\">\n\t\t\t\t\t\tIntercos : le maillon faible de la parit\u00e9\t\t\t\t\t<\/a>\n\t\t\t\t<\/h2>\n\t\t\t\t\t\t\t\t\t\t\t\t\t\t\t\t\t\t\t\t\t\t\t\t\t\t\t\t\t\t\t\t\t\t\t\t\t\t\t\t\t\t<p>8% de femmes pr\u00e9sidentes, 18% de femmes dans les ex\u00e9cutifs : une \u00e9tude de l\u2019association \u00ab Elles aussi \u00bb, en partenariat avec l\u2019ADCF, d\u00e9montre que la gouvernance des EPCI est fortement masculine. A\u2026<\/p>\n\t\t\t\t\t\t\t\t\t\t\t\t\t\t\t\t\t\t\t\t\t\t                                                            <div class=\"btn-wraper\">\n                                    \n                                                                            <a class=\"elementskit-btn whitespace--normal\" id=\"\" href=\"https:\/\/www.ellesaussi.org\/?p=1846\">\n                                        \t                                            en savoir plus                                        <\/a>\n                                                                    <\/div>\n                                                    <\/div><!-- .elementskit-post-body END -->\n                    <\/div>\n                \n            <\/div>\n                <\/div>\n       <\/div>\t\t<\/div>\n\t\t\t\t<\/div>\n\t\t\t\t\t<\/div>\n\t\t\t\t<\/div>\n\t\t\t\t<\/div>\n\t\t","protected":false},"excerpt":{"rendered":"<p>26Nov 26 novembre 2016 Article dans la\u00a0Manche Libre en savoir plus 20Nov 20 novembre 2016 Articles dans Ouest-France\u00a0et la\u00a0Presse de la Manche en savoir plus 18Nov 18 novembre 2016 Conf\u00e9rence de presse, les Femmes \u00e9lues de la Manche tirent la sonnette d\u2019alarme pour les EPCI en savoir plus 30Mar 30 mars 2016 Les femmes peinent [&hellip;]<\/p>\n","protected":false},"author":1,"featured_media":0,"parent":0,"menu_order":0,"comment_status":"closed","ping_status":"closed","template":"","meta":{"footnotes":""},"class_list":["post-1852","page","type-page","status-publish","hentry"],"yoast_head":"<!-- This site is optimized with the Yoast SEO plugin v22.8 - https:\/\/yoast.com\/wordpress\/plugins\/seo\/ -->\n<title>Perspectives 2020 - Presse - Elles Aussi<\/title>\n<meta name=\"robots\" content=\"index, follow, max-snippet:-1, max-image-preview:large, max-video-preview:-1\" \/>\n<link rel=\"canonical\" href=\"https:\/\/www.ellesaussi.org\/?page_id=1852\" \/>\n<meta property=\"og:locale\" content=\"fr_FR\" \/>\n<meta property=\"og:type\" content=\"article\" \/>\n<meta property=\"og:title\" content=\"Perspectives 2020 - Presse - Elles Aussi\" \/>\n<meta property=\"og:description\" content=\"26Nov 26 novembre 2016 Article dans la\u00a0Manche Libre en savoir plus 20Nov 20 novembre 2016 Articles dans Ouest-France\u00a0et la\u00a0Presse de la Manche en savoir plus 18Nov 18 novembre 2016 Conf\u00e9rence de presse, les Femmes \u00e9lues de la Manche tirent la sonnette d\u2019alarme pour les EPCI en savoir plus 30Mar 30 mars 2016 Les femmes peinent [&hellip;]\" \/>\n<meta property=\"og:url\" content=\"https:\/\/www.ellesaussi.org\/?page_id=1852\" \/>\n<meta property=\"og:site_name\" content=\"Elles Aussi\" \/>\n<meta property=\"article:publisher\" content=\"https:\/\/www.facebook.com\/ellesaussi\/\" \/>\n<meta property=\"article:modified_time\" content=\"2024-12-20T10:30:27+00:00\" \/>\n<meta property=\"og:image\" content=\"https:\/\/www.ellesaussi.org\/wp-content\/uploads\/2024\/10\/appel-du-18-juin-2024-Elles-aussi.jpg\" \/>\n<meta name=\"twitter:card\" content=\"summary_large_image\" \/>\n<meta name=\"twitter:label1\" content=\"Dur\u00e9e de lecture estim\u00e9e\" \/>\n\t<meta name=\"twitter:data1\" content=\"4 minutes\" \/>\n<script type=\"application\/ld+json\" class=\"yoast-schema-graph\">{\"@context\":\"https:\/\/schema.org\",\"@graph\":[{\"@type\":\"WebPage\",\"@id\":\"https:\/\/www.ellesaussi.org\/?page_id=1852\",\"url\":\"https:\/\/www.ellesaussi.org\/?page_id=1852\",\"name\":\"Perspectives 2020 - Presse - Elles Aussi\",\"isPartOf\":{\"@id\":\"https:\/\/www.ellesaussi.org\/#website\"},\"primaryImageOfPage\":{\"@id\":\"https:\/\/www.ellesaussi.org\/?page_id=1852#primaryimage\"},\"image\":{\"@id\":\"https:\/\/www.ellesaussi.org\/?page_id=1852#primaryimage\"},\"thumbnailUrl\":\"https:\/\/www.ellesaussi.org\/wp-content\/uploads\/2024\/10\/appel-du-18-juin-2024-Elles-aussi.jpg\",\"datePublished\":\"2024-11-08T10:05:23+00:00\",\"dateModified\":\"2024-12-20T10:30:27+00:00\",\"breadcrumb\":{\"@id\":\"https:\/\/www.ellesaussi.org\/?page_id=1852#breadcrumb\"},\"inLanguage\":\"fr-FR\",\"potentialAction\":[{\"@type\":\"ReadAction\",\"target\":[\"https:\/\/www.ellesaussi.org\/?page_id=1852\"]}]},{\"@type\":\"ImageObject\",\"inLanguage\":\"fr-FR\",\"@id\":\"https:\/\/www.ellesaussi.org\/?page_id=1852#primaryimage\",\"url\":\"https:\/\/www.ellesaussi.org\/wp-content\/uploads\/2024\/10\/appel-du-18-juin-2024-Elles-aussi.jpg\",\"contentUrl\":\"https:\/\/www.ellesaussi.org\/wp-content\/uploads\/2024\/10\/appel-du-18-juin-2024-Elles-aussi.jpg\",\"width\":200,\"height\":144},{\"@type\":\"BreadcrumbList\",\"@id\":\"https:\/\/www.ellesaussi.org\/?page_id=1852#breadcrumb\",\"itemListElement\":[{\"@type\":\"ListItem\",\"position\":1,\"name\":\"Accueil\",\"item\":\"https:\/\/www.ellesaussi.org\/\"},{\"@type\":\"ListItem\",\"position\":2,\"name\":\"Perspectives 2020 &#8211; Presse\"}]},{\"@type\":\"WebSite\",\"@id\":\"https:\/\/www.ellesaussi.org\/#website\",\"url\":\"https:\/\/www.ellesaussi.org\/\",\"name\":\"Elles Aussi\",\"description\":\"\",\"publisher\":{\"@id\":\"https:\/\/www.ellesaussi.org\/#organization\"},\"potentialAction\":[{\"@type\":\"SearchAction\",\"target\":{\"@type\":\"EntryPoint\",\"urlTemplate\":\"https:\/\/www.ellesaussi.org\/?s={search_term_string}\"},\"query-input\":\"required name=search_term_string\"}],\"inLanguage\":\"fr-FR\"},{\"@type\":\"Organization\",\"@id\":\"https:\/\/www.ellesaussi.org\/#organization\",\"name\":\"Elles Aussi\",\"url\":\"https:\/\/www.ellesaussi.org\/\",\"logo\":{\"@type\":\"ImageObject\",\"inLanguage\":\"fr-FR\",\"@id\":\"https:\/\/www.ellesaussi.org\/#\/schema\/logo\/image\/\",\"url\":\"https:\/\/www.ellesaussi.org\/wp-content\/uploads\/2024\/05\/Elles-aussi_logotype_rouge.png\",\"contentUrl\":\"https:\/\/www.ellesaussi.org\/wp-content\/uploads\/2024\/05\/Elles-aussi_logotype_rouge.png\",\"width\":3472,\"height\":2480,\"caption\":\"Elles Aussi\"},\"image\":{\"@id\":\"https:\/\/www.ellesaussi.org\/#\/schema\/logo\/image\/\"},\"sameAs\":[\"https:\/\/www.facebook.com\/ellesaussi\/\"]}]}<\/script>\n<!-- \/ Yoast SEO plugin. -->","yoast_head_json":{"title":"Perspectives 2020 - Presse - Elles Aussi","robots":{"index":"index","follow":"follow","max-snippet":"max-snippet:-1","max-image-preview":"max-image-preview:large","max-video-preview":"max-video-preview:-1"},"canonical":"https:\/\/www.ellesaussi.org\/?page_id=1852","og_locale":"fr_FR","og_type":"article","og_title":"Perspectives 2020 - Presse - Elles Aussi","og_description":"26Nov 26 novembre 2016 Article dans la\u00a0Manche Libre en savoir plus 20Nov 20 novembre 2016 Articles dans Ouest-France\u00a0et la\u00a0Presse de la Manche en savoir plus 18Nov 18 novembre 2016 Conf\u00e9rence de presse, les Femmes \u00e9lues de la Manche tirent la sonnette d\u2019alarme pour les EPCI en savoir plus 30Mar 30 mars 2016 Les femmes peinent [&hellip;]","og_url":"https:\/\/www.ellesaussi.org\/?page_id=1852","og_site_name":"Elles Aussi","article_publisher":"https:\/\/www.facebook.com\/ellesaussi\/","article_modified_time":"2024-12-20T10:30:27+00:00","og_image":[{"url":"https:\/\/www.ellesaussi.org\/wp-content\/uploads\/2024\/10\/appel-du-18-juin-2024-Elles-aussi.jpg"}],"twitter_card":"summary_large_image","twitter_misc":{"Dur\u00e9e de lecture estim\u00e9e":"4 minutes"},"schema":{"@context":"https:\/\/schema.org","@graph":[{"@type":"WebPage","@id":"https:\/\/www.ellesaussi.org\/?page_id=1852","url":"https:\/\/www.ellesaussi.org\/?page_id=1852","name":"Perspectives 2020 - Presse - Elles Aussi","isPartOf":{"@id":"https:\/\/www.ellesaussi.org\/#website"},"primaryImageOfPage":{"@id":"https:\/\/www.ellesaussi.org\/?page_id=1852#primaryimage"},"image":{"@id":"https:\/\/www.ellesaussi.org\/?page_id=1852#primaryimage"},"thumbnailUrl":"https:\/\/www.ellesaussi.org\/wp-content\/uploads\/2024\/10\/appel-du-18-juin-2024-Elles-aussi.jpg","datePublished":"2024-11-08T10:05:23+00:00","dateModified":"2024-12-20T10:30:27+00:00","breadcrumb":{"@id":"https:\/\/www.ellesaussi.org\/?page_id=1852#breadcrumb"},"inLanguage":"fr-FR","potentialAction":[{"@type":"ReadAction","target":["https:\/\/www.ellesaussi.org\/?page_id=1852"]}]},{"@type":"ImageObject","inLanguage":"fr-FR","@id":"https:\/\/www.ellesaussi.org\/?page_id=1852#primaryimage","url":"https:\/\/www.ellesaussi.org\/wp-content\/uploads\/2024\/10\/appel-du-18-juin-2024-Elles-aussi.jpg","contentUrl":"https:\/\/www.ellesaussi.org\/wp-content\/uploads\/2024\/10\/appel-du-18-juin-2024-Elles-aussi.jpg","width":200,"height":144},{"@type":"BreadcrumbList","@id":"https:\/\/www.ellesaussi.org\/?page_id=1852#breadcrumb","itemListElement":[{"@type":"ListItem","position":1,"name":"Accueil","item":"https:\/\/www.ellesaussi.org\/"},{"@type":"ListItem","position":2,"name":"Perspectives 2020 &#8211; Presse"}]},{"@type":"WebSite","@id":"https:\/\/www.ellesaussi.org\/#website","url":"https:\/\/www.ellesaussi.org\/","name":"Elles Aussi","description":"","publisher":{"@id":"https:\/\/www.ellesaussi.org\/#organization"},"potentialAction":[{"@type":"SearchAction","target":{"@type":"EntryPoint","urlTemplate":"https:\/\/www.ellesaussi.org\/?s={search_term_string}"},"query-input":"required name=search_term_string"}],"inLanguage":"fr-FR"},{"@type":"Organization","@id":"https:\/\/www.ellesaussi.org\/#organization","name":"Elles Aussi","url":"https:\/\/www.ellesaussi.org\/","logo":{"@type":"ImageObject","inLanguage":"fr-FR","@id":"https:\/\/www.ellesaussi.org\/#\/schema\/logo\/image\/","url":"https:\/\/www.ellesaussi.org\/wp-content\/uploads\/2024\/05\/Elles-aussi_logotype_rouge.png","contentUrl":"https:\/\/www.ellesaussi.org\/wp-content\/uploads\/2024\/05\/Elles-aussi_logotype_rouge.png","width":3472,"height":2480,"caption":"Elles Aussi"},"image":{"@id":"https:\/\/www.ellesaussi.org\/#\/schema\/logo\/image\/"},"sameAs":["https:\/\/www.facebook.com\/ellesaussi\/"]}]}},"_links":{"self":[{"href":"https:\/\/www.ellesaussi.org\/index.php?rest_route=\/wp\/v2\/pages\/1852","targetHints":{"allow":["GET"]}}],"collection":[{"href":"https:\/\/www.ellesaussi.org\/index.php?rest_route=\/wp\/v2\/pages"}],"about":[{"href":"https:\/\/www.ellesaussi.org\/index.php?rest_route=\/wp\/v2\/types\/page"}],"author":[{"embeddable":true,"href":"https:\/\/www.ellesaussi.org\/index.php?rest_route=\/wp\/v2\/users\/1"}],"replies":[{"embeddable":true,"href":"https:\/\/www.ellesaussi.org\/index.php?rest_route=%2Fwp%2Fv2%2Fcomments&post=1852"}],"version-history":[{"count":10,"href":"https:\/\/www.ellesaussi.org\/index.php?rest_route=\/wp\/v2\/pages\/1852\/revisions"}],"predecessor-version":[{"id":3130,"href":"https:\/\/www.ellesaussi.org\/index.php?rest_route=\/wp\/v2\/pages\/1852\/revisions\/3130"}],"wp:attachment":[{"href":"https:\/\/www.ellesaussi.org\/index.php?rest_route=%2Fwp%2Fv2%2Fmedia&parent=1852"}],"curies":[{"name":"wp","href":"https:\/\/api.w.org\/{rel}","templated":true}]}}